{"id":2050,"date":"2025-06-18T10:37:23","date_gmt":"2025-06-18T10:37:23","guid":{"rendered":"https:\/\/romagenocidemap.org\/?post_type=listing&#038;p=2050"},"modified":"2026-08-06T22:02:49","modified_gmt":"2026-08-06T22:02:49","slug":"deportare-rromi-padureni","status":"publish","type":"listing","link":"https:\/\/romagenocidemap.org\/ro\/listing\/deportare-rromi-padureni\/","title":{"rendered":"Deportare rromi Padureni"},"content":{"rendered":"<p><strong>Numele satului :<\/strong> Comuna Padureni, jude\u021bul Vaslui<\/p>\n<p><strong><br \/>\nRegiune, \u021bar\u0103 :\u00a0\u00a0<\/strong>Regiunea Moldova (Rom\u00e2nia)<\/p>\n<p><strong><br \/>\nData deport\u0103rii :\u00a0<\/strong>Mai 1942<\/p>\n<p><strong><br \/>\nExtras din m\u0103rturie :\u00a0\u00a0<\/strong><\/p>\n<p>\u201c A venit ordin de la Bucure\u0219ti s\u0103 ne duc\u0103 la Bug. Acolo v\u0103 d\u0103 p\u0103m\u00e2nt, v\u0103 d\u0103 animale \u2026 dar acolo eram du\u0219i la moarte. Veneau c\u00e2te 20, 30, f\u0103ceau patrul\u0103 roata-nprejur, mergeau, se uitau c\u0103 erau bordeiele pline cu oameni acolo, c\u0103 erau \u0219i mor\u021bi, nu erau \u00eengropa\u021bi. C\u00e2nd ie\u0219eam afar\u0103 ne f\u0103ceam loc printre cadavre. Era o groap\u0103 mare \u0219i erau arunca\u021bi \u00een groap\u0103. Dac\u0103 mureau \u00een bordei, \u00eei aducea acolo, spunea la poli\u021bai c\u0103 este un mort, \u00eel aducea \u0219i \u00eel arunca ca pe c\u00e2ini \u00een groapa aceia.\u201d<\/p>\n<p><strong><br \/>\nArhivele rom\u00e2ne\u0219ti (dac\u0103 exist\u0103) :\u00a0\u00a0<\/strong><\/p>\n<p>\u00cen cadrul recens\u0103m\u00e2ntului din mai 1942, Chestura de Poli\u021bie Vaslui a identificat pe teritoriul ora\u0219ului Vaslui un num\u0103r de 19 nomazi (4 s\u0103la\u0219e cu 4 c\u0103ru\u021be), pe care i-au deportat \u00een Transnistria la \u00eenceputul lunii Mai 1942 (ANI, Fond Circa a VI-a de Pol. Ia\u0219i, dosar nr. 5\/1942: f. 7-9). Este posibil ca ace\u0219ti nomazi s\u0103 fi provenit din comuna Padureni, situat\u0103 \u00een apropierea ora\u0219ului Vaslui.<\/p>\n<p><strong><br \/>\nNot\u0103 istoric\u0103 cu privire la romi :\u00a0\u00a0<\/strong><\/p>\n<p>P\u0103dureni \u2013 satul re\u015fedin\u0163\u0103 de comun\u0103 este situat pe un teritoriu cu urme de locuire omeneasc\u0103 \u00eenc\u0103 din epoca neolitic\u0103 (Cultura Cucuteni);<\/p>\n<p>Izvoarele istorice atest\u0103 ca teritoriul comunei Padureni a fost locuit inc\u0103 din perioada neoliticului (Cultura Cucuteni), dar abia din Epoca Feudal\u0103 apar date importante \u00een actele domne\u015fti, cu ajutorul c\u0103rora unii intelectuali ai vremii au incercat sa schi\u0163eze mici monografii cu caracter istoric. Potrivit acestora, satele care se afla ast\u0103zi pe teritoriul comunei P\u0103dureni sunt sate vechi, care in mare parte existau pe la mijlocul secolului al XV-lea.<\/p>\n<p>Nu exist\u0103 documente istorice publice specifice care s\u0103 ateste o dat\u0103 exact\u0103 sau un an anume \u00een care comunitatea de romi a ajuns pentru prima dat\u0103 \u00een comuna P\u0103dureni, jude\u021bul Vaslui. \u00a0\u00a0Primele valuri mari de romi (pe atunci robi) au fost aduse sau men\u021bionate \u00een Moldova \u00eencep\u00e2nd cu secolele XV-XVI, mul\u021bi fiind d\u0103rui\u021bi de domnitori c\u0103tre m\u0103n\u0103stiri sau boieri ca for\u021b\u0103 de munc\u0103.<\/p>\n<p>Leg\u0103tura cu mo\u0219iile boiere\u0219ti: Majoritatea comunit\u0103\u021bilor rurale de romi din jude\u021bul Vaslui s-au stabilit istoric \u00een jurul fostelor mo\u0219ii boiere\u0219ti sau m\u0103n\u0103stire\u0219ti.<\/p>\n<p><strong><br \/>\nNot\u0103 istoric\u0103 privind deportarea :\u00a0<\/strong><\/p>\n<p>Familia lui Nicolae se ocupa cu prelucrarea lemnului si a osului. Faceau obiecte de uz casnic din lemn si piepteni din oase de animale, c\u0103l\u0103torea din sat \u00een sat \u00een c\u0103ru\u021b\u0103 pentru a-\u0219i vinde obiectele. De asemenea lucrau si cu argintul. \u00cen cursul lunii mai 1942, familia a fost arestat\u0103 de jandarmi \u0219i escortat\u0103 din localitate \u00een localitate, pe ruta Oancea-Tiraspol, spre Transnistria.<\/p>\n<p>&nbsp;<\/p>\n<p>Odat\u0103 ajun\u0219i \u00een Transnistria, familia persoanei intervievate a fost a\u0219ezat\u0103 \u00een apropierea localit\u0103\u021bii Moldovka din jud. Golta, \u00een apropierea Bugului. Toate bunurile (c\u0103ru\u021be, animale, aur) le-au fost confiscate dup\u0103 ce au ajuns la destina\u021bie. Deporta\u021bii au locuit \u00een bordeie s\u0103pate pe jum\u0103tate \u00een p\u0103m\u00e2nt, \u00eentr-un lag\u0103r \u00eenconjurat de un gard de s\u00e2rm\u0103 ghimpat\u0103 \u0219i p\u0103zit de jandarmi. Romii au fost supu\u0219i unui regim de munc\u0103 for\u021bat\u0103, fiind sili\u021bi s\u0103 mearg\u0103 \u00een p\u0103durea din apropiere pentru a t\u0103ia lemne \u00een schimbul unor ra\u021bii infime de m\u00e2ncare (f\u0103in\u0103 \u0219i cartofi). \u00cen ciuda sanc\u021biunilor aspre, unii dintre ei se strecurau afar\u0103 din tab\u0103r\u0103 \u0219i mergeau \u00een c\u0103utarea hranei, risc\u00e2nd s\u0103 fie \u00eempu\u0219ca\u021bi de c\u0103tre jandarmi. Trupele germane patrulau prin zon\u0103 \u0219i veneau uneori \u00een lag\u0103r pentru a comite abuzuri (b\u0103t\u0103i, violuri etc.). Mul\u021bi deporta\u021bi au pierit datorit\u0103 frigului, lipsei alimentelor \u0219i a tifosului, iar trupurile au fost \u00eenhumate \u00eentr-o groap\u0103 comun\u0103 din apropiere.<\/p>\n<p>Repatrierea romilor a avut loc \u00een prim\u0103vara anului 1944, \u00een urma trupelor rom\u00e2ne \u0219i germane care se retr\u0103geau din Transnistria \u00een fa\u021ba \u00eenaint\u0103rii Armatei Ro\u0219ii. Drumul de \u00eentoarcere c\u0103tre Rom\u00e2nia a fost plin de greut\u0103\u021bi, iar datorit\u0103 frigului \u0219i a epuiz\u0103rii mul\u021bi romi au pierit.<\/p>\n<p><strong><br \/>\nO scurt\u0103 not\u0103 despre un aspect al romilor, de exemplu un grup :\u00a0<\/strong>Romi argintari care se \u00eendeletniceau cu fabricarea de obiecte \u0219i ustensile din argint lemn \u0219i os.<\/p>","protected":false},"author":17,"featured_media":2041,"comment_status":"open","ping_status":"closed","template":"","meta":{"nf_dc_page":"","om_disable_all_campaigns":false,"_monsterinsights_skip_tracking":false},"listing_category":[64],"event_category":[],"service_category":[],"rental_category":[],"classifieds_category":[],"listing_feature":[79,80,76,82],"region":[89],"class_list":["post-2050","listing","type-listing","status-publish","has-post-thumbnail","hentry","listing_category-deportations","listing_feature-caravan-deportation","listing_feature-deportation-by-foot","listing_feature-nomadic","listing_feature-romanian-perpetrator","region-moldova"],"yoast_head":"<!-- This site is optimized with the Yoast SEO plugin v28.4 - https:\/\/yoast.com\/product\/yoast-seo-wordpress\/ -->\n<title>Deportare rromi Padureni - Yahad-In Unum<\/title>\n<meta name=\"robots\" content=\"index, follow, max-snippet:-1, max-image-preview:large, max-video-preview:-1\" \/>\n<link rel=\"canonical\" href=\"https:\/\/romagenocidemap.org\/ro\/listing\/deportare-rromi-padureni\/\" \/>\n<meta property=\"og:locale\" content=\"ro_RO\" \/>\n<meta property=\"og:type\" content=\"article\" \/>\n<meta property=\"og:title\" content=\"Deportare rromi Padureni - Yahad-In Unum\" \/>\n<meta property=\"og:description\" content=\"Numele satului : Comuna Padureni, jude\u021bul Vaslui Regiune, \u021bar\u0103 :\u00a0\u00a0Regiunea Moldova (Rom\u00e2nia) Data deport\u0103rii :\u00a0Mai 1942 Extras din m\u0103rturie :\u00a0\u00a0 \u201c A venit ordin de la Bucure\u0219ti s\u0103 ne duc\u0103 la Bug. Acolo v\u0103 d\u0103 p\u0103m\u00e2nt, v\u0103 d\u0103 animale \u2026 dar acolo eram du\u0219i la moarte. Veneau c\u00e2te 20, 30, f\u0103ceau patrul\u0103 roata-nprejur, mergeau, se [&hellip;]\" \/>\n<meta property=\"og:url\" content=\"https:\/\/romagenocidemap.org\/ro\/listing\/deportare-rromi-padureni\/\" \/>\n<meta property=\"og:site_name\" content=\"Yahad-In Unum\" \/>\n<meta property=\"article:modified_time\" content=\"2026-08-06T22:02:49+00:00\" \/>\n<meta property=\"og:image\" content=\"https:\/\/i0.wp.com\/romagenocidemap.org\/wp-content\/uploads\/2025\/06\/Jour10_YIU_R04_VAS-PUI_Bacesti_T83_13-Copy.jpg?fit=600%2C900&ssl=1\" \/>\n\t<meta property=\"og:image:width\" content=\"600\" \/>\n\t<meta property=\"og:image:height\" content=\"900\" \/>\n\t<meta property=\"og:image:type\" content=\"image\/jpeg\" \/>\n<meta name=\"twitter:card\" content=\"summary_large_image\" \/>\n<meta name=\"twitter:label1\" content=\"Timp estimat pentru citire\" \/>\n\t<meta name=\"twitter:data1\" content=\"3 minute\" \/>\n<script type=\"application\/ld+json\" class=\"yoast-schema-graph\">{\"@context\":\"https:\\\/\\\/schema.org\",\"@graph\":[{\"@type\":\"WebPage\",\"@id\":\"https:\\\/\\\/romagenocidemap.org\\\/ro\\\/listing\\\/deportare-rromi-padureni\\\/\",\"url\":\"https:\\\/\\\/romagenocidemap.org\\\/ro\\\/listing\\\/deportare-rromi-padureni\\\/\",\"name\":\"Deportare rromi Padureni - Yahad-In Unum\",\"isPartOf\":{\"@id\":\"https:\\\/\\\/romagenocidemap.org\\\/ro\\\/#website\"},\"primaryImageOfPage\":{\"@id\":\"https:\\\/\\\/romagenocidemap.org\\\/ro\\\/listing\\\/deportare-rromi-padureni\\\/#primaryimage\"},\"image\":{\"@id\":\"https:\\\/\\\/romagenocidemap.org\\\/ro\\\/listing\\\/deportare-rromi-padureni\\\/#primaryimage\"},\"thumbnailUrl\":\"https:\\\/\\\/i0.wp.com\\\/romagenocidemap.org\\\/wp-content\\\/uploads\\\/2025\\\/06\\\/Jour10_YIU_R04_VAS-PUI_Bacesti_T83_13-Copy.jpg?fit=600%2C900&ssl=1\",\"datePublished\":\"2025-06-18T10:37:23+00:00\",\"dateModified\":\"2026-08-06T22:02:49+00:00\",\"breadcrumb\":{\"@id\":\"https:\\\/\\\/romagenocidemap.org\\\/ro\\\/listing\\\/deportare-rromi-padureni\\\/#breadcrumb\"},\"inLanguage\":\"ro-RO\",\"potentialAction\":[{\"@type\":\"ReadAction\",\"target\":[\"https:\\\/\\\/romagenocidemap.org\\\/ro\\\/listing\\\/deportare-rromi-padureni\\\/\"]}]},{\"@type\":\"ImageObject\",\"inLanguage\":\"ro-RO\",\"@id\":\"https:\\\/\\\/romagenocidemap.org\\\/ro\\\/listing\\\/deportare-rromi-padureni\\\/#primaryimage\",\"url\":\"https:\\\/\\\/i0.wp.com\\\/romagenocidemap.org\\\/wp-content\\\/uploads\\\/2025\\\/06\\\/Jour10_YIU_R04_VAS-PUI_Bacesti_T83_13-Copy.jpg?fit=600%2C900&ssl=1\",\"contentUrl\":\"https:\\\/\\\/i0.wp.com\\\/romagenocidemap.org\\\/wp-content\\\/uploads\\\/2025\\\/06\\\/Jour10_YIU_R04_VAS-PUI_Bacesti_T83_13-Copy.jpg?fit=600%2C900&ssl=1\",\"width\":600,\"height\":900},{\"@type\":\"BreadcrumbList\",\"@id\":\"https:\\\/\\\/romagenocidemap.org\\\/ro\\\/listing\\\/deportare-rromi-padureni\\\/#breadcrumb\",\"itemListElement\":[{\"@type\":\"ListItem\",\"position\":1,\"name\":\"Home\",\"item\":\"https:\\\/\\\/romagenocidemap.org\\\/ro\\\/\"},{\"@type\":\"ListItem\",\"position\":2,\"name\":\"Listings\",\"item\":\"https:\\\/\\\/romagenocidemap.org\\\/ro\\\/listings\\\/\"},{\"@type\":\"ListItem\",\"position\":3,\"name\":\"Deportare rromi Padureni\"}]},{\"@type\":\"WebSite\",\"@id\":\"https:\\\/\\\/romagenocidemap.org\\\/ro\\\/#website\",\"url\":\"https:\\\/\\\/romagenocidemap.org\\\/ro\\\/\",\"name\":\"Yahad-In Unum\",\"description\":\"Yahad-In Unum\",\"publisher\":{\"@id\":\"https:\\\/\\\/romagenocidemap.org\\\/ro\\\/#organization\"},\"potentialAction\":[{\"@type\":\"SearchAction\",\"target\":{\"@type\":\"EntryPoint\",\"urlTemplate\":\"https:\\\/\\\/romagenocidemap.org\\\/ro\\\/?s={search_term_string}\"},\"query-input\":{\"@type\":\"PropertyValueSpecification\",\"valueRequired\":true,\"valueName\":\"search_term_string\"}}],\"inLanguage\":\"ro-RO\"},{\"@type\":\"Organization\",\"@id\":\"https:\\\/\\\/romagenocidemap.org\\\/ro\\\/#organization\",\"name\":\"Yahad-In Unum\",\"url\":\"https:\\\/\\\/romagenocidemap.org\\\/ro\\\/\",\"logo\":{\"@type\":\"ImageObject\",\"inLanguage\":\"ro-RO\",\"@id\":\"https:\\\/\\\/romagenocidemap.org\\\/ro\\\/#\\\/schema\\\/logo\\\/image\\\/\",\"url\":\"https:\\\/\\\/i0.wp.com\\\/romagenocidemap.org\\\/wp-content\\\/uploads\\\/2025\\\/02\\\/Logo-Yahad-1.png?fit=1501%2C433&ssl=1\",\"contentUrl\":\"https:\\\/\\\/i0.wp.com\\\/romagenocidemap.org\\\/wp-content\\\/uploads\\\/2025\\\/02\\\/Logo-Yahad-1.png?fit=1501%2C433&ssl=1\",\"width\":1501,\"height\":433,\"caption\":\"Yahad-In Unum\"},\"image\":{\"@id\":\"https:\\\/\\\/romagenocidemap.org\\\/ro\\\/#\\\/schema\\\/logo\\\/image\\\/\"}}]}<\/script>\n<!-- \/ Yoast SEO plugin. -->","yoast_head_json":{"title":"Deportare rromi Padureni - Yahad-In Unum","robots":{"index":"index","follow":"follow","max-snippet":"max-snippet:-1","max-image-preview":"max-image-preview:large","max-video-preview":"max-video-preview:-1"},"canonical":"https:\/\/romagenocidemap.org\/ro\/listing\/deportare-rromi-padureni\/","og_locale":"ro_RO","og_type":"article","og_title":"Deportare rromi Padureni - Yahad-In Unum","og_description":"Numele satului : Comuna Padureni, jude\u021bul Vaslui Regiune, \u021bar\u0103 :\u00a0\u00a0Regiunea Moldova (Rom\u00e2nia) Data deport\u0103rii :\u00a0Mai 1942 Extras din m\u0103rturie :\u00a0\u00a0 \u201c A venit ordin de la Bucure\u0219ti s\u0103 ne duc\u0103 la Bug. Acolo v\u0103 d\u0103 p\u0103m\u00e2nt, v\u0103 d\u0103 animale \u2026 dar acolo eram du\u0219i la moarte. Veneau c\u00e2te 20, 30, f\u0103ceau patrul\u0103 roata-nprejur, mergeau, se [&hellip;]","og_url":"https:\/\/romagenocidemap.org\/ro\/listing\/deportare-rromi-padureni\/","og_site_name":"Yahad-In Unum","article_modified_time":"2026-08-06T22:02:49+00:00","og_image":[{"width":600,"height":900,"url":"https:\/\/i0.wp.com\/romagenocidemap.org\/wp-content\/uploads\/2025\/06\/Jour10_YIU_R04_VAS-PUI_Bacesti_T83_13-Copy.jpg?fit=600%2C900&ssl=1","type":"image\/jpeg"}],"twitter_card":"summary_large_image","twitter_misc":{"Timp estimat pentru citire":"3 minute"},"schema":{"@context":"https:\/\/schema.org","@graph":[{"@type":"WebPage","@id":"https:\/\/romagenocidemap.org\/ro\/listing\/deportare-rromi-padureni\/","url":"https:\/\/romagenocidemap.org\/ro\/listing\/deportare-rromi-padureni\/","name":"Deportare rromi Padureni - Yahad-In Unum","isPartOf":{"@id":"https:\/\/romagenocidemap.org\/ro\/#website"},"primaryImageOfPage":{"@id":"https:\/\/romagenocidemap.org\/ro\/listing\/deportare-rromi-padureni\/#primaryimage"},"image":{"@id":"https:\/\/romagenocidemap.org\/ro\/listing\/deportare-rromi-padureni\/#primaryimage"},"thumbnailUrl":"https:\/\/i0.wp.com\/romagenocidemap.org\/wp-content\/uploads\/2025\/06\/Jour10_YIU_R04_VAS-PUI_Bacesti_T83_13-Copy.jpg?fit=600%2C900&ssl=1","datePublished":"2025-06-18T10:37:23+00:00","dateModified":"2026-08-06T22:02:49+00:00","breadcrumb":{"@id":"https:\/\/romagenocidemap.org\/ro\/listing\/deportare-rromi-padureni\/#breadcrumb"},"inLanguage":"ro-RO","potentialAction":[{"@type":"ReadAction","target":["https:\/\/romagenocidemap.org\/ro\/listing\/deportare-rromi-padureni\/"]}]},{"@type":"ImageObject","inLanguage":"ro-RO","@id":"https:\/\/romagenocidemap.org\/ro\/listing\/deportare-rromi-padureni\/#primaryimage","url":"https:\/\/i0.wp.com\/romagenocidemap.org\/wp-content\/uploads\/2025\/06\/Jour10_YIU_R04_VAS-PUI_Bacesti_T83_13-Copy.jpg?fit=600%2C900&ssl=1","contentUrl":"https:\/\/i0.wp.com\/romagenocidemap.org\/wp-content\/uploads\/2025\/06\/Jour10_YIU_R04_VAS-PUI_Bacesti_T83_13-Copy.jpg?fit=600%2C900&ssl=1","width":600,"height":900},{"@type":"BreadcrumbList","@id":"https:\/\/romagenocidemap.org\/ro\/listing\/deportare-rromi-padureni\/#breadcrumb","itemListElement":[{"@type":"ListItem","position":1,"name":"Home","item":"https:\/\/romagenocidemap.org\/ro\/"},{"@type":"ListItem","position":2,"name":"Listings","item":"https:\/\/romagenocidemap.org\/ro\/listings\/"},{"@type":"ListItem","position":3,"name":"Deportare rromi Padureni"}]},{"@type":"WebSite","@id":"https:\/\/romagenocidemap.org\/ro\/#website","url":"https:\/\/romagenocidemap.org\/ro\/","name":"Yahad-In Unum","description":"Yahad-In Unum","publisher":{"@id":"https:\/\/romagenocidemap.org\/ro\/#organization"},"potentialAction":[{"@type":"SearchAction","target":{"@type":"EntryPoint","urlTemplate":"https:\/\/romagenocidemap.org\/ro\/?s={search_term_string}"},"query-input":{"@type":"PropertyValueSpecification","valueRequired":true,"valueName":"search_term_string"}}],"inLanguage":"ro-RO"},{"@type":"Organization","@id":"https:\/\/romagenocidemap.org\/ro\/#organization","name":"Yahad-In Unum","url":"https:\/\/romagenocidemap.org\/ro\/","logo":{"@type":"ImageObject","inLanguage":"ro-RO","@id":"https:\/\/romagenocidemap.org\/ro\/#\/schema\/logo\/image\/","url":"https:\/\/i0.wp.com\/romagenocidemap.org\/wp-content\/uploads\/2025\/02\/Logo-Yahad-1.png?fit=1501%2C433&ssl=1","contentUrl":"https:\/\/i0.wp.com\/romagenocidemap.org\/wp-content\/uploads\/2025\/02\/Logo-Yahad-1.png?fit=1501%2C433&ssl=1","width":1501,"height":433,"caption":"Yahad-In Unum"},"image":{"@id":"https:\/\/romagenocidemap.org\/ro\/#\/schema\/logo\/image\/"}}]}},"jetpack_sharing_enabled":true,"_links":{"self":[{"href":"https:\/\/romagenocidemap.org\/ro\/wp-json\/wp\/v2\/listing\/2050","targetHints":{"allow":["GET"]}}],"collection":[{"href":"https:\/\/romagenocidemap.org\/ro\/wp-json\/wp\/v2\/listing"}],"about":[{"href":"https:\/\/romagenocidemap.org\/ro\/wp-json\/wp\/v2\/types\/listing"}],"author":[{"embeddable":true,"href":"https:\/\/romagenocidemap.org\/ro\/wp-json\/wp\/v2\/users\/17"}],"replies":[{"embeddable":true,"href":"https:\/\/romagenocidemap.org\/ro\/wp-json\/wp\/v2\/comments?post=2050"}],"version-history":[{"count":3,"href":"https:\/\/romagenocidemap.org\/ro\/wp-json\/wp\/v2\/listing\/2050\/revisions"}],"predecessor-version":[{"id":3074,"href":"https:\/\/romagenocidemap.org\/ro\/wp-json\/wp\/v2\/listing\/2050\/revisions\/3074"}],"wp:featuredmedia":[{"embeddable":true,"href":"https:\/\/romagenocidemap.org\/ro\/wp-json\/wp\/v2\/media\/2041"}],"wp:attachment":[{"href":"https:\/\/romagenocidemap.org\/ro\/wp-json\/wp\/v2\/media?parent=2050"}],"wp:term":[{"taxonomy":"listing_category","embeddable":true,"href":"https:\/\/romagenocidemap.org\/ro\/wp-json\/wp\/v2\/listing_category?post=2050"},{"taxonomy":"event_category","embeddable":true,"href":"https:\/\/romagenocidemap.org\/ro\/wp-json\/wp\/v2\/event_category?post=2050"},{"taxonomy":"service_category","embeddable":true,"href":"https:\/\/romagenocidemap.org\/ro\/wp-json\/wp\/v2\/service_category?post=2050"},{"taxonomy":"rental_category","embeddable":true,"href":"https:\/\/romagenocidemap.org\/ro\/wp-json\/wp\/v2\/rental_category?post=2050"},{"taxonomy":"classifieds_category","embeddable":true,"href":"https:\/\/romagenocidemap.org\/ro\/wp-json\/wp\/v2\/classifieds_category?post=2050"},{"taxonomy":"listing_feature","embeddable":true,"href":"https:\/\/romagenocidemap.org\/ro\/wp-json\/wp\/v2\/listing_feature?post=2050"},{"taxonomy":"region","embeddable":true,"href":"https:\/\/romagenocidemap.org\/ro\/wp-json\/wp\/v2\/region?post=2050"}],"curies":[{"name":"wp","href":"https:\/\/api.w.org\/{rel}","templated":true}]}}