{"id":3093,"date":"2026-08-07T08:31:00","date_gmt":"2026-08-07T08:31:00","guid":{"rendered":"https:\/\/romagenocidemap.org\/?post_type=listing&#038;p=3093"},"modified":"2026-08-07T08:35:17","modified_gmt":"2026-08-07T08:35:17","slug":"deportare-rromi-tamna-1","status":"publish","type":"listing","link":"https:\/\/romagenocidemap.org\/ro\/listing\/deportare-rromi-tamna-1\/","title":{"rendered":"Deportare rromi T\u00e2mna 1"},"content":{"rendered":"<p>Numele satului: T\u00e2mna (sat \u00een comuna omonim\u0103)<\/p>\n<p>Regiunea, \u021aara: Jude\u021bul Mehedin\u021bi, Regiunea Oltenia (Rom\u00e2nia)<\/p>\n<p>Data deport\u0103rii: septembrie 1942 \u0219i luna specifice (nu sunt men\u021bionate \u00een interviu, dar rapoartele oficiale indic\u0103 date ca fiind 12.09.1942)<\/p>\n<p>Extras din martie:<\/p>\n<p>\u201eRomii au r\u0103mas dou\u0103 zile \u00een curtea [Jandarmeriei], apoi to\u021bi romii din regiune au fost \u00eembarca\u021bi \u00eentr-un tren cu cincisprezece vagoane. \u00cen fiecare vagon era c\u00e2te un jandarm. Romilor li sa spus c\u0103 sunt evacua\u021bi la munc\u0103 \u00een colhozuri. reu\u0219it s\u0103 scape. C\u0103l\u0103toria a durat 15 zile.<\/p>\n<p>&#8220;[Deporta\u021bii romi] au sosit \u00een iarna anului 1942. Erau 14.000. P\u00e2n\u0103 \u00een vara urm\u0103toare, doar 4.000 mai erau \u00een via\u021b\u0103. Restul au murit de tifos, foamete \u0219i alte boli [&#8230;]&#8221;<\/p>\n<p>Arhivele Rom\u00e2ne\u0219ti (dac\u0103 sunt disponibile)<\/p>\n<p>Romii deporta\u021bi din T\u00e2mna sunt men\u021biona\u021bi \u00eentr-o serie de documente oficiale (rapoarte, liste nominale ale deporta\u021bilor etc.) emise de Inspectoratul General al Jandarmeriei (IGJ) \u00eentre 1942\u20131944. \u00cen timpul recens\u0103m\u00e2ntului efectuat \u00een mai 1942, jandarmeria local\u0103 a identificat 123 de \u201eromi problem\u0103\u201d \u00een comuna T\u00e2mna, propu\u0219i spre deportare (ANIC, IGJ nr. 201\/1942: f. 161\u2013162). Aceia\u0219i jandarmi au \u00eentocmit liste nominale cu cei 116 romi (capi de familie, so\u021bi \u0219i copii) deporta\u021bi din T\u00e2mna la 12.09.1942 (ANIC, dosar IGJ nr. 127\/1942: f. 53\u201355). Numele persoanei intervievate (Rafael Matei, n\u0103scut \u00een 1930) nu apare pe aceste liste, dar este men\u021bionat un anume Nicolae Matei, deportat \u00eempreun\u0103 cu so\u021bia \u0219i cele trei fiice (ANIC, dosar IGJ nr. 201\/1942: f. 161).<\/p>\n<p>Not\u0103 istoric\u0103 despre romi:<\/p>\n<p>T\u00e2mna este un sat din comuna omonim\u0103 din jude\u021bul Mehedin\u021bi (Oltenia), situat la aproximativ 35 km de ora\u0219ul Turnu-Severin. La \u00eenceputul anilor 1900, comuna avea o popula\u021bie medie de 740 de locuitori. Al\u0103turi de rom\u00e2ni, locuiau aici c\u00e2teva zeci de familii de romi sedentari. Conform recens\u0103m\u00e2ntului general din 1930, T\u00e2mna avea 374 de locuitori, dintre care 27 erau romi sedentari care p\u0103streaz\u0103 limba matern\u0103 (RGP 1930, vol. II.1: 284\u2013285). Conform m\u0103rturiilor, romii din T\u00e2mna, inclusiv tat\u0103l persoanei intervievate, erau c\u0103r\u0103midari de meserie &#8211; o ocupa\u021bie tradi\u021bional\u0103 practic\u0103 \u0219i ast\u0103zi de c\u0103r\u0103midarii romi din T\u00e2mna.<\/p>\n<p>Not\u0103 istoric\u0103 despre deportare:<\/p>\n<p>Deportarea romilor din T\u00e2mna a fost efectuat\u0103 de jandarmii locali \u00een jurul datei de 10.09.1942, c\u00e2nd 116 romi (14 familii) au fost sco\u0219i din locuin\u021bele lor \u0219i escorta\u021bi \u2014 fie pe jos, fie cu c\u0103ru\u021ba \u2014 p\u00e2n\u0103 la Drobeta Turnu-Severin (dosar ANIC IGJ nr. 1942\u20135). Potrivit persoanelor intervievate, deporta\u021bilor li se permite doar s\u0103 transporte bagaje de m\u00e2n\u0103 (bunurile lor fiind na\u021bionalizate). Dup\u0103 ce au fost \u021binu\u021bi timp de dou\u0103 zile \u00een custodia Jandarmeriei din Drobeta, romii au fost \u00eenc\u0103rcati \u00een 15 vagoane ata\u0219ate trenului special E8, care a plecat spre Tighina pe 12.09.1942. Dup\u0103 o c\u0103l\u0103torie \u00een condi\u021biile inumane, trenul E8 a ajuns la destina\u021bie aproximativ o s\u0103pt\u0103m\u00e2n\u0103 mai t\u00e2rziu (ANIC, IGJ nr. 126\/1942, f. 109; 213\u2013214v).<\/p>\n<p>Odat\u0103 ajun\u0219i \u00een Transnistria, romii au fost stabili\u021bi \u00een mai multe state (Koroliovka, Mostovoi, Varvarovka, Karanika) de l\u00e2ng\u0103 r\u00e2ul Bug \u0219i for\u021ba\u021bi s\u0103 munceasc\u0103 \u00een colhozuri sau ferme agricole. Satele erau p\u0103zite de jandarmi \u0219i mili\u021bii compuse din etnici germani (Selbstschutz Volksdeutsche), care \u00eei tratau pe romi cu brutalitate \u0219i efectueaz\u0103 execu\u021bii sumare. Persoana intervievat\u0103 a fost martor\u0103 la cum romii care \u00eencercau s\u0103 scape au fost prin\u0219i \u0219i ar\u0219i de vii \u00een fa\u021ba celorlal\u021bi deporta\u021bi. Condi\u021biile de via\u021b\u0103 din Transnistria erau extrem de dure, iar peste zece mii de romi au pierit din cauza bolilor, frigului \u0219i foametei. Persoana intervievat\u0103 a evadat de dou\u0103 ori, dar a fost prins de trupele germane \u0219i rom\u00e2ne \u0219i interne \u00een lag\u0103rul Trihati.<\/p>\n<p>\u00centoarcerea \u00een Rom\u00e2nia a avut loc \u00een prim\u0103vara anului 1944, c\u00e2nd a fost emis un ordin de repatriere pentru cet\u0103\u021benii rom\u00e2ni din Transnistria. Persoana intervievat\u0103 sa \u00eentors pe jos la Tiraspol, apoi a trecut grani\u021ba cu familia sa \u0219i sa \u00eentors la T\u00e2mna (casa \u00eei fusese na\u021bionalizat\u0103).<\/p>\n<p>O scurt\u0103 not\u0103 despre un aspect al romilor, de exemplu, un grup:<\/p>\n<p>Satul T\u00e2mna g\u0103zduie\u0219te o comunitate semnificativ\u0103 de c\u0103r\u0103midari romi.<\/p>\n","protected":false},"author":17,"featured_media":3090,"comment_status":"open","ping_status":"closed","template":"","meta":{"nf_dc_page":"","om_disable_all_campaigns":false,"_monsterinsights_skip_tracking":false},"listing_category":[64],"event_category":[],"service_category":[],"rental_category":[],"classifieds_category":[],"listing_feature":[78,77],"region":[69],"class_list":["post-3093","listing","type-listing","status-publish","has-post-thumbnail","hentry","listing_category-deportations","listing_feature-rail-deportation","listing_feature-sedentary-lifestyle","region-oltenia"],"yoast_head":"<!-- This site is optimized with the Yoast SEO plugin v28.4 - https:\/\/yoast.com\/product\/yoast-seo-wordpress\/ -->\n<title>Deportare rromi T\u00e2mna 1 - Yahad-In Unum<\/title>\n<meta name=\"robots\" content=\"index, follow, max-snippet:-1, max-image-preview:large, max-video-preview:-1\" \/>\n<link rel=\"canonical\" href=\"https:\/\/romagenocidemap.org\/ro\/listing\/deportare-rromi-tamna-1\/\" \/>\n<meta property=\"og:locale\" content=\"ro_RO\" \/>\n<meta property=\"og:type\" content=\"article\" \/>\n<meta property=\"og:title\" content=\"Deportare rromi T\u00e2mna 1 - Yahad-In Unum\" \/>\n<meta property=\"og:description\" content=\"Numele satului: T\u00e2mna (sat \u00een comuna omonim\u0103) Regiunea, \u021aara: Jude\u021bul Mehedin\u021bi, Regiunea Oltenia (Rom\u00e2nia) Data deport\u0103rii: septembrie 1942 \u0219i luna specifice (nu sunt men\u021bionate \u00een interviu, dar rapoartele oficiale indic\u0103 date ca fiind 12.09.1942) Extras din martie: \u201eRomii au r\u0103mas dou\u0103 zile \u00een curtea [Jandarmeriei], apoi to\u021bi romii din regiune au fost \u00eembarca\u021bi \u00eentr-un tren [&hellip;]\" \/>\n<meta property=\"og:url\" content=\"https:\/\/romagenocidemap.org\/ro\/listing\/deportare-rromi-tamna-1\/\" \/>\n<meta property=\"og:site_name\" content=\"Yahad-In Unum\" \/>\n<meta property=\"article:modified_time\" content=\"2026-08-07T08:35:17+00:00\" \/>\n<meta property=\"og:image\" content=\"https:\/\/i0.wp.com\/romagenocidemap.org\/wp-content\/uploads\/2026\/08\/YAH-PH-RO1-TAMNA-T3-002-97-Copy.jpg?fit=1200%2C800&ssl=1\" \/>\n\t<meta property=\"og:image:width\" content=\"1200\" \/>\n\t<meta property=\"og:image:height\" content=\"800\" \/>\n\t<meta property=\"og:image:type\" content=\"image\/jpeg\" \/>\n<meta name=\"twitter:card\" content=\"summary_large_image\" \/>\n<meta name=\"twitter:label1\" content=\"Timp estimat pentru citire\" \/>\n\t<meta name=\"twitter:data1\" content=\"4 minute\" \/>\n<script type=\"application\/ld+json\" class=\"yoast-schema-graph\">{\"@context\":\"https:\\\/\\\/schema.org\",\"@graph\":[{\"@type\":\"WebPage\",\"@id\":\"https:\\\/\\\/romagenocidemap.org\\\/ro\\\/listing\\\/deportare-rromi-tamna-1\\\/\",\"url\":\"https:\\\/\\\/romagenocidemap.org\\\/ro\\\/listing\\\/deportare-rromi-tamna-1\\\/\",\"name\":\"Deportare rromi T\u00e2mna 1 - Yahad-In Unum\",\"isPartOf\":{\"@id\":\"https:\\\/\\\/romagenocidemap.org\\\/ro\\\/#website\"},\"primaryImageOfPage\":{\"@id\":\"https:\\\/\\\/romagenocidemap.org\\\/ro\\\/listing\\\/deportare-rromi-tamna-1\\\/#primaryimage\"},\"image\":{\"@id\":\"https:\\\/\\\/romagenocidemap.org\\\/ro\\\/listing\\\/deportare-rromi-tamna-1\\\/#primaryimage\"},\"thumbnailUrl\":\"https:\\\/\\\/i0.wp.com\\\/romagenocidemap.org\\\/wp-content\\\/uploads\\\/2026\\\/08\\\/YAH-PH-RO1-TAMNA-T3-002-97-Copy.jpg?fit=1200%2C800&ssl=1\",\"datePublished\":\"2026-08-07T08:31:00+00:00\",\"dateModified\":\"2026-08-07T08:35:17+00:00\",\"breadcrumb\":{\"@id\":\"https:\\\/\\\/romagenocidemap.org\\\/ro\\\/listing\\\/deportare-rromi-tamna-1\\\/#breadcrumb\"},\"inLanguage\":\"ro-RO\",\"potentialAction\":[{\"@type\":\"ReadAction\",\"target\":[\"https:\\\/\\\/romagenocidemap.org\\\/ro\\\/listing\\\/deportare-rromi-tamna-1\\\/\"]}]},{\"@type\":\"ImageObject\",\"inLanguage\":\"ro-RO\",\"@id\":\"https:\\\/\\\/romagenocidemap.org\\\/ro\\\/listing\\\/deportare-rromi-tamna-1\\\/#primaryimage\",\"url\":\"https:\\\/\\\/i0.wp.com\\\/romagenocidemap.org\\\/wp-content\\\/uploads\\\/2026\\\/08\\\/YAH-PH-RO1-TAMNA-T3-002-97-Copy.jpg?fit=1200%2C800&ssl=1\",\"contentUrl\":\"https:\\\/\\\/i0.wp.com\\\/romagenocidemap.org\\\/wp-content\\\/uploads\\\/2026\\\/08\\\/YAH-PH-RO1-TAMNA-T3-002-97-Copy.jpg?fit=1200%2C800&ssl=1\",\"width\":1200,\"height\":800},{\"@type\":\"BreadcrumbList\",\"@id\":\"https:\\\/\\\/romagenocidemap.org\\\/ro\\\/listing\\\/deportare-rromi-tamna-1\\\/#breadcrumb\",\"itemListElement\":[{\"@type\":\"ListItem\",\"position\":1,\"name\":\"Home\",\"item\":\"https:\\\/\\\/romagenocidemap.org\\\/ro\\\/\"},{\"@type\":\"ListItem\",\"position\":2,\"name\":\"Listings\",\"item\":\"https:\\\/\\\/romagenocidemap.org\\\/ro\\\/listings\\\/\"},{\"@type\":\"ListItem\",\"position\":3,\"name\":\"Deportare rromi T\u00e2mna 1\"}]},{\"@type\":\"WebSite\",\"@id\":\"https:\\\/\\\/romagenocidemap.org\\\/ro\\\/#website\",\"url\":\"https:\\\/\\\/romagenocidemap.org\\\/ro\\\/\",\"name\":\"Yahad-In Unum\",\"description\":\"Yahad-In Unum\",\"publisher\":{\"@id\":\"https:\\\/\\\/romagenocidemap.org\\\/ro\\\/#organization\"},\"potentialAction\":[{\"@type\":\"SearchAction\",\"target\":{\"@type\":\"EntryPoint\",\"urlTemplate\":\"https:\\\/\\\/romagenocidemap.org\\\/ro\\\/?s={search_term_string}\"},\"query-input\":{\"@type\":\"PropertyValueSpecification\",\"valueRequired\":true,\"valueName\":\"search_term_string\"}}],\"inLanguage\":\"ro-RO\"},{\"@type\":\"Organization\",\"@id\":\"https:\\\/\\\/romagenocidemap.org\\\/ro\\\/#organization\",\"name\":\"Yahad-In Unum\",\"url\":\"https:\\\/\\\/romagenocidemap.org\\\/ro\\\/\",\"logo\":{\"@type\":\"ImageObject\",\"inLanguage\":\"ro-RO\",\"@id\":\"https:\\\/\\\/romagenocidemap.org\\\/ro\\\/#\\\/schema\\\/logo\\\/image\\\/\",\"url\":\"https:\\\/\\\/i0.wp.com\\\/romagenocidemap.org\\\/wp-content\\\/uploads\\\/2025\\\/02\\\/Logo-Yahad-1.png?fit=1501%2C433&ssl=1\",\"contentUrl\":\"https:\\\/\\\/i0.wp.com\\\/romagenocidemap.org\\\/wp-content\\\/uploads\\\/2025\\\/02\\\/Logo-Yahad-1.png?fit=1501%2C433&ssl=1\",\"width\":1501,\"height\":433,\"caption\":\"Yahad-In Unum\"},\"image\":{\"@id\":\"https:\\\/\\\/romagenocidemap.org\\\/ro\\\/#\\\/schema\\\/logo\\\/image\\\/\"}}]}<\/script>\n<!-- \/ Yoast SEO plugin. -->","yoast_head_json":{"title":"Deportare rromi T\u00e2mna 1 - Yahad-In Unum","robots":{"index":"index","follow":"follow","max-snippet":"max-snippet:-1","max-image-preview":"max-image-preview:large","max-video-preview":"max-video-preview:-1"},"canonical":"https:\/\/romagenocidemap.org\/ro\/listing\/deportare-rromi-tamna-1\/","og_locale":"ro_RO","og_type":"article","og_title":"Deportare rromi T\u00e2mna 1 - Yahad-In Unum","og_description":"Numele satului: T\u00e2mna (sat \u00een comuna omonim\u0103) Regiunea, \u021aara: Jude\u021bul Mehedin\u021bi, Regiunea Oltenia (Rom\u00e2nia) Data deport\u0103rii: septembrie 1942 \u0219i luna specifice (nu sunt men\u021bionate \u00een interviu, dar rapoartele oficiale indic\u0103 date ca fiind 12.09.1942) Extras din martie: \u201eRomii au r\u0103mas dou\u0103 zile \u00een curtea [Jandarmeriei], apoi to\u021bi romii din regiune au fost \u00eembarca\u021bi \u00eentr-un tren [&hellip;]","og_url":"https:\/\/romagenocidemap.org\/ro\/listing\/deportare-rromi-tamna-1\/","og_site_name":"Yahad-In Unum","article_modified_time":"2026-08-07T08:35:17+00:00","og_image":[{"width":1200,"height":800,"url":"https:\/\/i0.wp.com\/romagenocidemap.org\/wp-content\/uploads\/2026\/08\/YAH-PH-RO1-TAMNA-T3-002-97-Copy.jpg?fit=1200%2C800&ssl=1","type":"image\/jpeg"}],"twitter_card":"summary_large_image","twitter_misc":{"Timp estimat pentru citire":"4 minute"},"schema":{"@context":"https:\/\/schema.org","@graph":[{"@type":"WebPage","@id":"https:\/\/romagenocidemap.org\/ro\/listing\/deportare-rromi-tamna-1\/","url":"https:\/\/romagenocidemap.org\/ro\/listing\/deportare-rromi-tamna-1\/","name":"Deportare rromi T\u00e2mna 1 - Yahad-In Unum","isPartOf":{"@id":"https:\/\/romagenocidemap.org\/ro\/#website"},"primaryImageOfPage":{"@id":"https:\/\/romagenocidemap.org\/ro\/listing\/deportare-rromi-tamna-1\/#primaryimage"},"image":{"@id":"https:\/\/romagenocidemap.org\/ro\/listing\/deportare-rromi-tamna-1\/#primaryimage"},"thumbnailUrl":"https:\/\/i0.wp.com\/romagenocidemap.org\/wp-content\/uploads\/2026\/08\/YAH-PH-RO1-TAMNA-T3-002-97-Copy.jpg?fit=1200%2C800&ssl=1","datePublished":"2026-08-07T08:31:00+00:00","dateModified":"2026-08-07T08:35:17+00:00","breadcrumb":{"@id":"https:\/\/romagenocidemap.org\/ro\/listing\/deportare-rromi-tamna-1\/#breadcrumb"},"inLanguage":"ro-RO","potentialAction":[{"@type":"ReadAction","target":["https:\/\/romagenocidemap.org\/ro\/listing\/deportare-rromi-tamna-1\/"]}]},{"@type":"ImageObject","inLanguage":"ro-RO","@id":"https:\/\/romagenocidemap.org\/ro\/listing\/deportare-rromi-tamna-1\/#primaryimage","url":"https:\/\/i0.wp.com\/romagenocidemap.org\/wp-content\/uploads\/2026\/08\/YAH-PH-RO1-TAMNA-T3-002-97-Copy.jpg?fit=1200%2C800&ssl=1","contentUrl":"https:\/\/i0.wp.com\/romagenocidemap.org\/wp-content\/uploads\/2026\/08\/YAH-PH-RO1-TAMNA-T3-002-97-Copy.jpg?fit=1200%2C800&ssl=1","width":1200,"height":800},{"@type":"BreadcrumbList","@id":"https:\/\/romagenocidemap.org\/ro\/listing\/deportare-rromi-tamna-1\/#breadcrumb","itemListElement":[{"@type":"ListItem","position":1,"name":"Home","item":"https:\/\/romagenocidemap.org\/ro\/"},{"@type":"ListItem","position":2,"name":"Listings","item":"https:\/\/romagenocidemap.org\/ro\/listings\/"},{"@type":"ListItem","position":3,"name":"Deportare rromi T\u00e2mna 1"}]},{"@type":"WebSite","@id":"https:\/\/romagenocidemap.org\/ro\/#website","url":"https:\/\/romagenocidemap.org\/ro\/","name":"Yahad-In Unum","description":"Yahad-In Unum","publisher":{"@id":"https:\/\/romagenocidemap.org\/ro\/#organization"},"potentialAction":[{"@type":"SearchAction","target":{"@type":"EntryPoint","urlTemplate":"https:\/\/romagenocidemap.org\/ro\/?s={search_term_string}"},"query-input":{"@type":"PropertyValueSpecification","valueRequired":true,"valueName":"search_term_string"}}],"inLanguage":"ro-RO"},{"@type":"Organization","@id":"https:\/\/romagenocidemap.org\/ro\/#organization","name":"Yahad-In Unum","url":"https:\/\/romagenocidemap.org\/ro\/","logo":{"@type":"ImageObject","inLanguage":"ro-RO","@id":"https:\/\/romagenocidemap.org\/ro\/#\/schema\/logo\/image\/","url":"https:\/\/i0.wp.com\/romagenocidemap.org\/wp-content\/uploads\/2025\/02\/Logo-Yahad-1.png?fit=1501%2C433&ssl=1","contentUrl":"https:\/\/i0.wp.com\/romagenocidemap.org\/wp-content\/uploads\/2025\/02\/Logo-Yahad-1.png?fit=1501%2C433&ssl=1","width":1501,"height":433,"caption":"Yahad-In Unum"},"image":{"@id":"https:\/\/romagenocidemap.org\/ro\/#\/schema\/logo\/image\/"}}]}},"jetpack_sharing_enabled":true,"_links":{"self":[{"href":"https:\/\/romagenocidemap.org\/ro\/wp-json\/wp\/v2\/listing\/3093","targetHints":{"allow":["GET"]}}],"collection":[{"href":"https:\/\/romagenocidemap.org\/ro\/wp-json\/wp\/v2\/listing"}],"about":[{"href":"https:\/\/romagenocidemap.org\/ro\/wp-json\/wp\/v2\/types\/listing"}],"author":[{"embeddable":true,"href":"https:\/\/romagenocidemap.org\/ro\/wp-json\/wp\/v2\/users\/17"}],"replies":[{"embeddable":true,"href":"https:\/\/romagenocidemap.org\/ro\/wp-json\/wp\/v2\/comments?post=3093"}],"version-history":[{"count":1,"href":"https:\/\/romagenocidemap.org\/ro\/wp-json\/wp\/v2\/listing\/3093\/revisions"}],"predecessor-version":[{"id":3094,"href":"https:\/\/romagenocidemap.org\/ro\/wp-json\/wp\/v2\/listing\/3093\/revisions\/3094"}],"wp:featuredmedia":[{"embeddable":true,"href":"https:\/\/romagenocidemap.org\/ro\/wp-json\/wp\/v2\/media\/3090"}],"wp:attachment":[{"href":"https:\/\/romagenocidemap.org\/ro\/wp-json\/wp\/v2\/media?parent=3093"}],"wp:term":[{"taxonomy":"listing_category","embeddable":true,"href":"https:\/\/romagenocidemap.org\/ro\/wp-json\/wp\/v2\/listing_category?post=3093"},{"taxonomy":"event_category","embeddable":true,"href":"https:\/\/romagenocidemap.org\/ro\/wp-json\/wp\/v2\/event_category?post=3093"},{"taxonomy":"service_category","embeddable":true,"href":"https:\/\/romagenocidemap.org\/ro\/wp-json\/wp\/v2\/service_category?post=3093"},{"taxonomy":"rental_category","embeddable":true,"href":"https:\/\/romagenocidemap.org\/ro\/wp-json\/wp\/v2\/rental_category?post=3093"},{"taxonomy":"classifieds_category","embeddable":true,"href":"https:\/\/romagenocidemap.org\/ro\/wp-json\/wp\/v2\/classifieds_category?post=3093"},{"taxonomy":"listing_feature","embeddable":true,"href":"https:\/\/romagenocidemap.org\/ro\/wp-json\/wp\/v2\/listing_feature?post=3093"},{"taxonomy":"region","embeddable":true,"href":"https:\/\/romagenocidemap.org\/ro\/wp-json\/wp\/v2\/region?post=3093"}],"curies":[{"name":"wp","href":"https:\/\/api.w.org\/{rel}","templated":true}]}}