{"id":3104,"date":"2026-08-07T08:44:12","date_gmt":"2026-08-07T08:44:12","guid":{"rendered":"https:\/\/romagenocidemap.org\/?post_type=listing&#038;p=3104"},"modified":"2026-08-07T08:50:07","modified_gmt":"2026-08-07T08:50:07","slug":"deportare-rromi-cosoveni","status":"publish","type":"listing","link":"https:\/\/romagenocidemap.org\/ro\/listing\/deportare-rromi-cosoveni\/","title":{"rendered":"Deportare rromi Cosoveni"},"content":{"rendered":"<p>Numele satului: Co\u0219oveni (sat \u00een comuna omonim\u0103, jude\u021bul Dolj)<\/p>\n<p>Regiune, \u021aar\u0103: Regiunea Oltenia (Rom\u00e2nia)<\/p>\n<p>Data deport\u0103rii: iunie\u2013august 1942<\/p>\n<p>Extras din m\u0103rturie:<br \/>\n\u201e[\u2026] Jandarmii i-au arestat la Co\u0219oveni, \u00eentocmind o list\u0103 cu to\u021bi membrii familiilor. dar tat\u0103l a reu\u0219it s\u0103 ascund\u0103 c\u00e2teva monede de aur sub pielea animalelor.<\/p>\n<p>Intervievatul nu aminte\u0219te numele primului sat din Transnistria unde au fost reloca\u021bi. La \u00eenceput, au stat \u00eentr-un ad\u0103post pe un c\u00e2mp, iar mai t\u00e2rziu au fost muta\u021bi \u00eentr-un grajd, unde au r\u0103mas timp de doi ani. Rareori g\u0103teau \u00een ad\u0103post, deoarece acesta nu avea ferestre \u0219i nu puteau respira din cauza fumului. Mul\u021bi au murit \u00een acel grajd (mai mult de jum\u0103tate dintre deporta\u021bi) [&#8230;]\u201d<\/p>\n<p>Arhivele Rom\u00e2ne\u0219ti (dac\u0103 sunt disponibile): N\/A<\/p>\n<p>Not\u0103 istoric\u0103 despre romi:<br \/>\nCo\u0219oveniul g\u0103zduie\u0219te una dintre cele mai mari comunit\u0103\u021bi de romi din jude\u021bul Dolj. \u00cen trecut, comuna se numea Co\u0219ovenii de Jos \u0219i avea 862 de locuitori la sf\u00e2r\u0219itul secolului al XIX-lea (MDR 1899, II: 691). Conform recens\u0103m\u00e2ntului din 1930, avea 1.015 locuitori, inclusiv 10 romi sedentari (RGP 1930, II: 174\u2013175). Pe l\u00e2ng\u0103 ace\u0219ti romi sedentari, \u00een perioada interbelic\u0103 au tr\u0103it \u00een zona Co\u0219ulei mai multe familii nomade de romi. Persoana intervievat\u0103 aminte\u0219te c\u0103 ace\u0219tia lucreaz\u0103 prin me\u0219te\u0219gul \u0219i producerea de ustensile de uz casnic \u0219i cazane din cupru \u0219i aluminiu, pe care le vindeau \u00een satele din apropiere.<\/p>\n<p>Not\u0103 istoric\u0103 despre deportare:<br \/>\nRomii nomazi din Co\u0219oveni au fost probabil ancheta\u021bi \u00een mai 1942 \u0219i deporta\u021bi mai t\u00e2rziu \u00een acea var\u0103 de c\u0103tre jandarmii locali. Persoana intervievat\u0103 a descris cum jandarmii au arestat familia \u0219i i-au escortat, \u00een propriile c\u0103ru\u021be, din sat \u00een sat, p\u00e2n\u0103 c\u00e2nd au ajuns la grani\u021ba de este a \u021b\u0103rii. Au fost aduna\u021bi \u00eentr-un convoi \u0219i, \u00eenainte de a trece \u00een Transnistria, c\u0103ru\u021bele \u0219i banii le-au fost confisca\u021bi. Cu toate acestea, tat\u0103l a reu\u0219it s\u0103 ascund\u0103 ni\u0219te monede de aur de l\u0103comia jandarmilor.<\/p>\n<p>Odat\u0103 ajun\u0219i \u00een Transnistria, deporta\u021bii din Co\u0219oveni au fost \u00eenghesui\u021bi \u00een mai multe ad\u0103posturi. Dup\u0103 dou\u0103 luni, au fost muta\u021bi \u00eentr-un grajd de l\u00e2ng\u0103 un colhoz, \u00eenconjurat de un gard de lemn. Munca for\u021bat\u0103, hrana insuficient\u0103 \u0219i izbucnirea bolilor au cauzat multecese \u00een r\u00e2ndul de porta\u021bii (mai mult de jum\u0103tate dintre cei ad\u0103posti\u021bi \u00een grajd au murit). Deporta\u021bii primeau ocazional m\u00e2ncare de la s\u0103tenii ucraineni, dar jandarmii care \u00eei p\u0103zeau pedepseau aspru orice \u00eencercare de a p\u0103r\u0103si grajdul sau colhozul. Unii deporta\u021bi care mergeau \u00een satele din apropiere \u00een c\u0103utarea de hran\u0103 erau prin\u0219i de jandarmi \u0219i executa\u021bi pe malurile r\u00e2ului Bug (bunicul intervievatului a fost executat \u00een acest fel).<\/p>\n<p>Dup\u0103 aproape doi ani de suferin\u021b\u0103, intervievatul \u0219i familia sa au reu\u0219it s\u0103 p\u0103r\u0103seasc\u0103 Transnistria (probabil \u00een prim\u0103vara sau vara anului 1944).<\/p>\n<p>O scurt\u0103 not\u0103 despre un aspect al romilor, de exemplu, un grup:<br \/>\nRomii c\u0103ld\u0103rari din Co\u0219oveni \u00eenc\u0103 practic\u0103 me\u0219te\u0219ugurile tradi\u021bionale (cum ar fi fabricarea cazanelor de cupru).<\/p>\n","protected":false},"author":17,"featured_media":3099,"comment_status":"open","ping_status":"closed","template":"","meta":{"nf_dc_page":"","om_disable_all_campaigns":false,"_monsterinsights_skip_tracking":false},"listing_category":[64],"event_category":[],"service_category":[],"rental_category":[],"classifieds_category":[],"listing_feature":[79,80,76,82],"region":[69],"class_list":["post-3104","listing","type-listing","status-publish","has-post-thumbnail","hentry","listing_category-deportations","listing_feature-caravan-deportation","listing_feature-deportation-by-foot","listing_feature-nomadic","listing_feature-romanian-perpetrator","region-oltenia"],"yoast_head":"<!-- This site is optimized with the Yoast SEO plugin v28.4 - https:\/\/yoast.com\/product\/yoast-seo-wordpress\/ -->\n<title>Deportare rromi Cosoveni - Yahad-In Unum<\/title>\n<meta name=\"robots\" content=\"index, follow, max-snippet:-1, max-image-preview:large, max-video-preview:-1\" \/>\n<link rel=\"canonical\" href=\"https:\/\/romagenocidemap.org\/ro\/listing\/deportare-rromi-cosoveni\/\" \/>\n<meta property=\"og:locale\" content=\"ro_RO\" \/>\n<meta property=\"og:type\" content=\"article\" \/>\n<meta property=\"og:title\" content=\"Deportare rromi Cosoveni - Yahad-In Unum\" \/>\n<meta property=\"og:description\" content=\"Numele satului: Co\u0219oveni (sat \u00een comuna omonim\u0103, jude\u021bul Dolj) Regiune, \u021aar\u0103: Regiunea Oltenia (Rom\u00e2nia) Data deport\u0103rii: iunie\u2013august 1942 Extras din m\u0103rturie: \u201e[\u2026] Jandarmii i-au arestat la Co\u0219oveni, \u00eentocmind o list\u0103 cu to\u021bi membrii familiilor. dar tat\u0103l a reu\u0219it s\u0103 ascund\u0103 c\u00e2teva monede de aur sub pielea animalelor. Intervievatul nu aminte\u0219te numele primului sat din Transnistria [&hellip;]\" \/>\n<meta property=\"og:url\" content=\"https:\/\/romagenocidemap.org\/ro\/listing\/deportare-rromi-cosoveni\/\" \/>\n<meta property=\"og:site_name\" content=\"Yahad-In Unum\" \/>\n<meta property=\"article:modified_time\" content=\"2026-08-07T08:50:07+00:00\" \/>\n<meta property=\"og:image\" content=\"https:\/\/romagenocidemap.org\/wp-content\/uploads\/2026\/08\/R2_07_08_11_Coshoveni_mihai_uta_11-Copy-1024x683.png\" \/>\n\t<meta property=\"og:image:width\" content=\"1024\" \/>\n\t<meta property=\"og:image:height\" content=\"683\" \/>\n\t<meta property=\"og:image:type\" content=\"image\/png\" \/>\n<meta name=\"twitter:card\" content=\"summary_large_image\" \/>\n<meta name=\"twitter:label1\" content=\"Timp estimat pentru citire\" \/>\n\t<meta name=\"twitter:data1\" content=\"3 minute\" \/>\n<script type=\"application\/ld+json\" class=\"yoast-schema-graph\">{\"@context\":\"https:\\\/\\\/schema.org\",\"@graph\":[{\"@type\":\"WebPage\",\"@id\":\"https:\\\/\\\/romagenocidemap.org\\\/ro\\\/listing\\\/deportare-rromi-cosoveni\\\/\",\"url\":\"https:\\\/\\\/romagenocidemap.org\\\/ro\\\/listing\\\/deportare-rromi-cosoveni\\\/\",\"name\":\"Deportare rromi Cosoveni - Yahad-In Unum\",\"isPartOf\":{\"@id\":\"https:\\\/\\\/romagenocidemap.org\\\/ro\\\/#website\"},\"primaryImageOfPage\":{\"@id\":\"https:\\\/\\\/romagenocidemap.org\\\/ro\\\/listing\\\/deportare-rromi-cosoveni\\\/#primaryimage\"},\"image\":{\"@id\":\"https:\\\/\\\/romagenocidemap.org\\\/ro\\\/listing\\\/deportare-rromi-cosoveni\\\/#primaryimage\"},\"thumbnailUrl\":\"https:\\\/\\\/i0.wp.com\\\/romagenocidemap.org\\\/wp-content\\\/uploads\\\/2026\\\/08\\\/R2_07_08_11_Coshoveni_mihai_uta_11-Copy.png?fit=1200%2C800&ssl=1\",\"datePublished\":\"2026-08-07T08:44:12+00:00\",\"dateModified\":\"2026-08-07T08:50:07+00:00\",\"breadcrumb\":{\"@id\":\"https:\\\/\\\/romagenocidemap.org\\\/ro\\\/listing\\\/deportare-rromi-cosoveni\\\/#breadcrumb\"},\"inLanguage\":\"ro-RO\",\"potentialAction\":[{\"@type\":\"ReadAction\",\"target\":[\"https:\\\/\\\/romagenocidemap.org\\\/ro\\\/listing\\\/deportare-rromi-cosoveni\\\/\"]}]},{\"@type\":\"ImageObject\",\"inLanguage\":\"ro-RO\",\"@id\":\"https:\\\/\\\/romagenocidemap.org\\\/ro\\\/listing\\\/deportare-rromi-cosoveni\\\/#primaryimage\",\"url\":\"https:\\\/\\\/i0.wp.com\\\/romagenocidemap.org\\\/wp-content\\\/uploads\\\/2026\\\/08\\\/R2_07_08_11_Coshoveni_mihai_uta_11-Copy.png?fit=1200%2C800&ssl=1\",\"contentUrl\":\"https:\\\/\\\/i0.wp.com\\\/romagenocidemap.org\\\/wp-content\\\/uploads\\\/2026\\\/08\\\/R2_07_08_11_Coshoveni_mihai_uta_11-Copy.png?fit=1200%2C800&ssl=1\",\"width\":1200,\"height\":800},{\"@type\":\"BreadcrumbList\",\"@id\":\"https:\\\/\\\/romagenocidemap.org\\\/ro\\\/listing\\\/deportare-rromi-cosoveni\\\/#breadcrumb\",\"itemListElement\":[{\"@type\":\"ListItem\",\"position\":1,\"name\":\"Home\",\"item\":\"https:\\\/\\\/romagenocidemap.org\\\/ro\\\/\"},{\"@type\":\"ListItem\",\"position\":2,\"name\":\"Listings\",\"item\":\"https:\\\/\\\/romagenocidemap.org\\\/ro\\\/listings\\\/\"},{\"@type\":\"ListItem\",\"position\":3,\"name\":\"Deportare rromi Cosoveni\"}]},{\"@type\":\"WebSite\",\"@id\":\"https:\\\/\\\/romagenocidemap.org\\\/ro\\\/#website\",\"url\":\"https:\\\/\\\/romagenocidemap.org\\\/ro\\\/\",\"name\":\"Yahad-In Unum\",\"description\":\"Yahad-In Unum\",\"publisher\":{\"@id\":\"https:\\\/\\\/romagenocidemap.org\\\/ro\\\/#organization\"},\"potentialAction\":[{\"@type\":\"SearchAction\",\"target\":{\"@type\":\"EntryPoint\",\"urlTemplate\":\"https:\\\/\\\/romagenocidemap.org\\\/ro\\\/?s={search_term_string}\"},\"query-input\":{\"@type\":\"PropertyValueSpecification\",\"valueRequired\":true,\"valueName\":\"search_term_string\"}}],\"inLanguage\":\"ro-RO\"},{\"@type\":\"Organization\",\"@id\":\"https:\\\/\\\/romagenocidemap.org\\\/ro\\\/#organization\",\"name\":\"Yahad-In Unum\",\"url\":\"https:\\\/\\\/romagenocidemap.org\\\/ro\\\/\",\"logo\":{\"@type\":\"ImageObject\",\"inLanguage\":\"ro-RO\",\"@id\":\"https:\\\/\\\/romagenocidemap.org\\\/ro\\\/#\\\/schema\\\/logo\\\/image\\\/\",\"url\":\"https:\\\/\\\/i0.wp.com\\\/romagenocidemap.org\\\/wp-content\\\/uploads\\\/2025\\\/02\\\/Logo-Yahad-1.png?fit=1501%2C433&ssl=1\",\"contentUrl\":\"https:\\\/\\\/i0.wp.com\\\/romagenocidemap.org\\\/wp-content\\\/uploads\\\/2025\\\/02\\\/Logo-Yahad-1.png?fit=1501%2C433&ssl=1\",\"width\":1501,\"height\":433,\"caption\":\"Yahad-In Unum\"},\"image\":{\"@id\":\"https:\\\/\\\/romagenocidemap.org\\\/ro\\\/#\\\/schema\\\/logo\\\/image\\\/\"}}]}<\/script>\n<!-- \/ Yoast SEO plugin. -->","yoast_head_json":{"title":"Deportare rromi Cosoveni - Yahad-In Unum","robots":{"index":"index","follow":"follow","max-snippet":"max-snippet:-1","max-image-preview":"max-image-preview:large","max-video-preview":"max-video-preview:-1"},"canonical":"https:\/\/romagenocidemap.org\/ro\/listing\/deportare-rromi-cosoveni\/","og_locale":"ro_RO","og_type":"article","og_title":"Deportare rromi Cosoveni - Yahad-In Unum","og_description":"Numele satului: Co\u0219oveni (sat \u00een comuna omonim\u0103, jude\u021bul Dolj) Regiune, \u021aar\u0103: Regiunea Oltenia (Rom\u00e2nia) Data deport\u0103rii: iunie\u2013august 1942 Extras din m\u0103rturie: \u201e[\u2026] Jandarmii i-au arestat la Co\u0219oveni, \u00eentocmind o list\u0103 cu to\u021bi membrii familiilor. dar tat\u0103l a reu\u0219it s\u0103 ascund\u0103 c\u00e2teva monede de aur sub pielea animalelor. Intervievatul nu aminte\u0219te numele primului sat din Transnistria [&hellip;]","og_url":"https:\/\/romagenocidemap.org\/ro\/listing\/deportare-rromi-cosoveni\/","og_site_name":"Yahad-In Unum","article_modified_time":"2026-08-07T08:50:07+00:00","og_image":[{"width":1024,"height":683,"url":"https:\/\/romagenocidemap.org\/wp-content\/uploads\/2026\/08\/R2_07_08_11_Coshoveni_mihai_uta_11-Copy-1024x683.png","type":"image\/png"}],"twitter_card":"summary_large_image","twitter_misc":{"Timp estimat pentru citire":"3 minute"},"schema":{"@context":"https:\/\/schema.org","@graph":[{"@type":"WebPage","@id":"https:\/\/romagenocidemap.org\/ro\/listing\/deportare-rromi-cosoveni\/","url":"https:\/\/romagenocidemap.org\/ro\/listing\/deportare-rromi-cosoveni\/","name":"Deportare rromi Cosoveni - Yahad-In Unum","isPartOf":{"@id":"https:\/\/romagenocidemap.org\/ro\/#website"},"primaryImageOfPage":{"@id":"https:\/\/romagenocidemap.org\/ro\/listing\/deportare-rromi-cosoveni\/#primaryimage"},"image":{"@id":"https:\/\/romagenocidemap.org\/ro\/listing\/deportare-rromi-cosoveni\/#primaryimage"},"thumbnailUrl":"https:\/\/i0.wp.com\/romagenocidemap.org\/wp-content\/uploads\/2026\/08\/R2_07_08_11_Coshoveni_mihai_uta_11-Copy.png?fit=1200%2C800&ssl=1","datePublished":"2026-08-07T08:44:12+00:00","dateModified":"2026-08-07T08:50:07+00:00","breadcrumb":{"@id":"https:\/\/romagenocidemap.org\/ro\/listing\/deportare-rromi-cosoveni\/#breadcrumb"},"inLanguage":"ro-RO","potentialAction":[{"@type":"ReadAction","target":["https:\/\/romagenocidemap.org\/ro\/listing\/deportare-rromi-cosoveni\/"]}]},{"@type":"ImageObject","inLanguage":"ro-RO","@id":"https:\/\/romagenocidemap.org\/ro\/listing\/deportare-rromi-cosoveni\/#primaryimage","url":"https:\/\/i0.wp.com\/romagenocidemap.org\/wp-content\/uploads\/2026\/08\/R2_07_08_11_Coshoveni_mihai_uta_11-Copy.png?fit=1200%2C800&ssl=1","contentUrl":"https:\/\/i0.wp.com\/romagenocidemap.org\/wp-content\/uploads\/2026\/08\/R2_07_08_11_Coshoveni_mihai_uta_11-Copy.png?fit=1200%2C800&ssl=1","width":1200,"height":800},{"@type":"BreadcrumbList","@id":"https:\/\/romagenocidemap.org\/ro\/listing\/deportare-rromi-cosoveni\/#breadcrumb","itemListElement":[{"@type":"ListItem","position":1,"name":"Home","item":"https:\/\/romagenocidemap.org\/ro\/"},{"@type":"ListItem","position":2,"name":"Listings","item":"https:\/\/romagenocidemap.org\/ro\/listings\/"},{"@type":"ListItem","position":3,"name":"Deportare rromi Cosoveni"}]},{"@type":"WebSite","@id":"https:\/\/romagenocidemap.org\/ro\/#website","url":"https:\/\/romagenocidemap.org\/ro\/","name":"Yahad-In Unum","description":"Yahad-In Unum","publisher":{"@id":"https:\/\/romagenocidemap.org\/ro\/#organization"},"potentialAction":[{"@type":"SearchAction","target":{"@type":"EntryPoint","urlTemplate":"https:\/\/romagenocidemap.org\/ro\/?s={search_term_string}"},"query-input":{"@type":"PropertyValueSpecification","valueRequired":true,"valueName":"search_term_string"}}],"inLanguage":"ro-RO"},{"@type":"Organization","@id":"https:\/\/romagenocidemap.org\/ro\/#organization","name":"Yahad-In Unum","url":"https:\/\/romagenocidemap.org\/ro\/","logo":{"@type":"ImageObject","inLanguage":"ro-RO","@id":"https:\/\/romagenocidemap.org\/ro\/#\/schema\/logo\/image\/","url":"https:\/\/i0.wp.com\/romagenocidemap.org\/wp-content\/uploads\/2025\/02\/Logo-Yahad-1.png?fit=1501%2C433&ssl=1","contentUrl":"https:\/\/i0.wp.com\/romagenocidemap.org\/wp-content\/uploads\/2025\/02\/Logo-Yahad-1.png?fit=1501%2C433&ssl=1","width":1501,"height":433,"caption":"Yahad-In Unum"},"image":{"@id":"https:\/\/romagenocidemap.org\/ro\/#\/schema\/logo\/image\/"}}]}},"jetpack_sharing_enabled":true,"_links":{"self":[{"href":"https:\/\/romagenocidemap.org\/ro\/wp-json\/wp\/v2\/listing\/3104","targetHints":{"allow":["GET"]}}],"collection":[{"href":"https:\/\/romagenocidemap.org\/ro\/wp-json\/wp\/v2\/listing"}],"about":[{"href":"https:\/\/romagenocidemap.org\/ro\/wp-json\/wp\/v2\/types\/listing"}],"author":[{"embeddable":true,"href":"https:\/\/romagenocidemap.org\/ro\/wp-json\/wp\/v2\/users\/17"}],"replies":[{"embeddable":true,"href":"https:\/\/romagenocidemap.org\/ro\/wp-json\/wp\/v2\/comments?post=3104"}],"version-history":[{"count":2,"href":"https:\/\/romagenocidemap.org\/ro\/wp-json\/wp\/v2\/listing\/3104\/revisions"}],"predecessor-version":[{"id":3110,"href":"https:\/\/romagenocidemap.org\/ro\/wp-json\/wp\/v2\/listing\/3104\/revisions\/3110"}],"wp:featuredmedia":[{"embeddable":true,"href":"https:\/\/romagenocidemap.org\/ro\/wp-json\/wp\/v2\/media\/3099"}],"wp:attachment":[{"href":"https:\/\/romagenocidemap.org\/ro\/wp-json\/wp\/v2\/media?parent=3104"}],"wp:term":[{"taxonomy":"listing_category","embeddable":true,"href":"https:\/\/romagenocidemap.org\/ro\/wp-json\/wp\/v2\/listing_category?post=3104"},{"taxonomy":"event_category","embeddable":true,"href":"https:\/\/romagenocidemap.org\/ro\/wp-json\/wp\/v2\/event_category?post=3104"},{"taxonomy":"service_category","embeddable":true,"href":"https:\/\/romagenocidemap.org\/ro\/wp-json\/wp\/v2\/service_category?post=3104"},{"taxonomy":"rental_category","embeddable":true,"href":"https:\/\/romagenocidemap.org\/ro\/wp-json\/wp\/v2\/rental_category?post=3104"},{"taxonomy":"classifieds_category","embeddable":true,"href":"https:\/\/romagenocidemap.org\/ro\/wp-json\/wp\/v2\/classifieds_category?post=3104"},{"taxonomy":"listing_feature","embeddable":true,"href":"https:\/\/romagenocidemap.org\/ro\/wp-json\/wp\/v2\/listing_feature?post=3104"},{"taxonomy":"region","embeddable":true,"href":"https:\/\/romagenocidemap.org\/ro\/wp-json\/wp\/v2\/region?post=3104"}],"curies":[{"name":"wp","href":"https:\/\/api.w.org\/{rel}","templated":true}]}}