{"id":3119,"date":"2026-08-07T08:54:53","date_gmt":"2026-08-07T08:54:53","guid":{"rendered":"https:\/\/romagenocidemap.org\/?post_type=listing&#038;p=3119"},"modified":"2026-08-07T08:58:06","modified_gmt":"2026-08-07T08:58:06","slug":"deportare-rromi-simian","status":"publish","type":"listing","link":"https:\/\/romagenocidemap.org\/ro\/listing\/deportare-rromi-simian\/","title":{"rendered":"Deportare rromi Simian"},"content":{"rendered":"<p>Numele satului\/Orasului : \u0218imian (comuna)<\/p>\n<p>Regiune, \u021bar\u0103 :\u00a0 Jude\u021bul Mehedin\u021bi, regiunea Oltenia (Rom\u00e2nia)<\/p>\n<p>Data deport\u0103rii :\u00a0Iunie- august 1942<\/p>\n<p>Extras din m\u0103rturie :<\/p>\n<p>\u201c[Deporta\u021bii romi] au plecat \u00een c\u0103ru\u021be trase de m\u0103gari \u0219i au c\u0103l\u0103torit p\u00e2n\u0103 \u00een Transnistria. S-au oprit de mai multe orie pentru a ad\u0103pa m\u0103garii. Erau p\u0103zi\u021bi de numero\u0219i jandarmi, care \u00eei escortau din post \u00een post. La fiecare popas li se al\u0103turau al\u021bi romi. Jandarmii dintr-un sat \u00eei escortau p\u00e2n\u0103 \u00een satul urm\u0103tor, unde erau prelua\u021bi de al\u021bi jandarmi locali. C\u0103l\u0103toria a durat toat\u0103 vara.<\/p>\n<p>Toate uneltele le-au fost confiscate, nu puteau s\u0103 mai lucreze. \u00cens\u0103 familia sa avea toate obiectele de valoare \u00een c\u0103ru\u021b\u0103.<\/p>\n<p>Odat\u0103 ajun\u0219i \u00een Transnistria, au fost str\u0103muta\u021bi \u00een grajdurile unor colhozuri. Germanii ucideau noi-n\u0103scu\u021bii \u00eempu\u0219c\u00e2ndu-i [\u2026]\u201d<\/p>\n<p>Arhivele rom\u00e2ne\u0219ti (dac\u0103 exist\u0103) :\u00a0Din p\u0103cate, nu au putut fi identificate documente de arhiv\u0103 referitoare la romii deporta\u021bi din Simian.<\/p>\n<p>Not\u0103 istoric\u0103 cu privire la romi :<\/p>\n<p>Romii sunt atesta\u021bi documentar \u00een Simian \u00eenc\u0103 din secolul XVII. Comuna Simian num\u0103ra la \u00eenceputul anilor 1900 circa 1000 de locuitori (MDG 1901, V: 468). \u00cen perioada interbelic\u0103, a ajuns s\u0103 numere 870 de locuitori, dintre care 81 erau romi conform recens\u0103m\u00e2ntului general din 1930 (RGP 1930, II.1: 278- 279). O bun\u0103 parte din ei erau romi c\u0103ld\u0103rari care se \u00eendeletniceau cu prelucrarea metalelor \u0219i se deplasau sezonier.<\/p>\n<p>Not\u0103 istoric\u0103 privind deportarea :<\/p>\n<p>Romii c\u0103ld\u0103rari din \u0218imian au fost deporta\u021bi \u00eentre lunile iunie- august 1942 de c\u0103tre for\u021bele locale de ordine. Deporta\u021bii s-au deplasat cu propriile c\u0103ru\u021be, sub escorta jandarmilor, din post \u00een post, p\u00e2n\u0103 la grani\u021ba cu Transnistria. Pe parcursul acestui lung drum li s-au\u00a0 al\u0103turat alte convoaie de deporta\u021bi romi. Bunurile (unelte, bani \u0219i animale) le-au fost confiscate la grani\u021b\u0103, \u00eens\u0103 unele familii au reu\u0219it s\u0103 ascund\u0103 c\u00e2teva obiecte de pre\u021b de rapacitatea jandarmilor.<\/p>\n<p>Odat\u0103 ajun\u0219i \u00een Transnistria, deporta\u021bii romi au fost str\u0103muta\u021bi \u00een mai multe localit\u0103\u021bi din jud. Golta \u0219i supu\u0219i unui regim de munc\u0103 for\u021bat\u0103. Deporta\u021bii tr\u0103iau \u00een grajduri \u0219i munceau \u00een cadrul unor colhozuri, fiind decima\u021bi nu doar de foame, frig \u0219i boli, ci \u0219i de execu\u021biile \u00een mas\u0103 organizate de germani (probabil trupele Volksdeutsche). Conform m\u0103rturiei persoanei intervievate, aceste trupe au executat mai mul\u021bi nou-n\u0103scu\u021bi prin \u00eempu\u0219care.<\/p>\n<p>O scurt\u0103 not\u0103 despre un aspect al romilor, de exemplu un grup :\u00a0O bun\u0103 parte din romii c\u0103ld\u0103rari din Simian au abandonat stilul de via\u021b\u0103 nomad, mut\u00e2ndu-se la case.<\/p>\n","protected":false},"author":17,"featured_media":3115,"comment_status":"open","ping_status":"closed","template":"","meta":{"nf_dc_page":"","om_disable_all_campaigns":false,"_monsterinsights_skip_tracking":false},"listing_category":[64],"event_category":[],"service_category":[],"rental_category":[],"classifieds_category":[],"listing_feature":[79,80,76,82],"region":[69],"class_list":["post-3119","listing","type-listing","status-publish","has-post-thumbnail","hentry","listing_category-deportations","listing_feature-caravan-deportation","listing_feature-deportation-by-foot","listing_feature-nomadic","listing_feature-romanian-perpetrator","region-oltenia"],"yoast_head":"<!-- This site is optimized with the Yoast SEO plugin v28.4 - https:\/\/yoast.com\/product\/yoast-seo-wordpress\/ -->\n<title>Deportare rromi Simian - Yahad-In Unum<\/title>\n<meta name=\"robots\" content=\"index, follow, max-snippet:-1, max-image-preview:large, max-video-preview:-1\" \/>\n<link rel=\"canonical\" href=\"https:\/\/romagenocidemap.org\/ro\/listing\/deportare-rromi-simian\/\" \/>\n<meta property=\"og:locale\" content=\"ro_RO\" \/>\n<meta property=\"og:type\" content=\"article\" \/>\n<meta property=\"og:title\" content=\"Deportare rromi Simian - Yahad-In Unum\" \/>\n<meta property=\"og:description\" content=\"Numele satului\/Orasului : \u0218imian (comuna) Regiune, \u021bar\u0103 :\u00a0 Jude\u021bul Mehedin\u021bi, regiunea Oltenia (Rom\u00e2nia) Data deport\u0103rii :\u00a0Iunie- august 1942 Extras din m\u0103rturie : \u201c[Deporta\u021bii romi] au plecat \u00een c\u0103ru\u021be trase de m\u0103gari \u0219i au c\u0103l\u0103torit p\u00e2n\u0103 \u00een Transnistria. S-au oprit de mai multe orie pentru a ad\u0103pa m\u0103garii. Erau p\u0103zi\u021bi de numero\u0219i jandarmi, care \u00eei escortau [&hellip;]\" \/>\n<meta property=\"og:url\" content=\"https:\/\/romagenocidemap.org\/ro\/listing\/deportare-rromi-simian\/\" \/>\n<meta property=\"og:site_name\" content=\"Yahad-In Unum\" \/>\n<meta property=\"article:modified_time\" content=\"2026-08-07T08:58:06+00:00\" \/>\n<meta property=\"og:image\" content=\"https:\/\/i0.wp.com\/romagenocidemap.org\/wp-content\/uploads\/2026\/08\/YAH-PH-RO1-SIMIAN-T910-009-144-Copy.jpg?fit=1200%2C800&ssl=1\" \/>\n\t<meta property=\"og:image:width\" content=\"1200\" \/>\n\t<meta property=\"og:image:height\" content=\"800\" \/>\n\t<meta property=\"og:image:type\" content=\"image\/jpeg\" \/>\n<meta name=\"twitter:card\" content=\"summary_large_image\" \/>\n<meta name=\"twitter:label1\" content=\"Timp estimat pentru citire\" \/>\n\t<meta name=\"twitter:data1\" content=\"2 minute\" \/>\n<script type=\"application\/ld+json\" class=\"yoast-schema-graph\">{\"@context\":\"https:\\\/\\\/schema.org\",\"@graph\":[{\"@type\":\"WebPage\",\"@id\":\"https:\\\/\\\/romagenocidemap.org\\\/ro\\\/listing\\\/deportare-rromi-simian\\\/\",\"url\":\"https:\\\/\\\/romagenocidemap.org\\\/ro\\\/listing\\\/deportare-rromi-simian\\\/\",\"name\":\"Deportare rromi Simian - Yahad-In Unum\",\"isPartOf\":{\"@id\":\"https:\\\/\\\/romagenocidemap.org\\\/ro\\\/#website\"},\"primaryImageOfPage\":{\"@id\":\"https:\\\/\\\/romagenocidemap.org\\\/ro\\\/listing\\\/deportare-rromi-simian\\\/#primaryimage\"},\"image\":{\"@id\":\"https:\\\/\\\/romagenocidemap.org\\\/ro\\\/listing\\\/deportare-rromi-simian\\\/#primaryimage\"},\"thumbnailUrl\":\"https:\\\/\\\/i0.wp.com\\\/romagenocidemap.org\\\/wp-content\\\/uploads\\\/2026\\\/08\\\/YAH-PH-RO1-SIMIAN-T910-009-144-Copy.jpg?fit=1200%2C800&ssl=1\",\"datePublished\":\"2026-08-07T08:54:53+00:00\",\"dateModified\":\"2026-08-07T08:58:06+00:00\",\"breadcrumb\":{\"@id\":\"https:\\\/\\\/romagenocidemap.org\\\/ro\\\/listing\\\/deportare-rromi-simian\\\/#breadcrumb\"},\"inLanguage\":\"ro-RO\",\"potentialAction\":[{\"@type\":\"ReadAction\",\"target\":[\"https:\\\/\\\/romagenocidemap.org\\\/ro\\\/listing\\\/deportare-rromi-simian\\\/\"]}]},{\"@type\":\"ImageObject\",\"inLanguage\":\"ro-RO\",\"@id\":\"https:\\\/\\\/romagenocidemap.org\\\/ro\\\/listing\\\/deportare-rromi-simian\\\/#primaryimage\",\"url\":\"https:\\\/\\\/i0.wp.com\\\/romagenocidemap.org\\\/wp-content\\\/uploads\\\/2026\\\/08\\\/YAH-PH-RO1-SIMIAN-T910-009-144-Copy.jpg?fit=1200%2C800&ssl=1\",\"contentUrl\":\"https:\\\/\\\/i0.wp.com\\\/romagenocidemap.org\\\/wp-content\\\/uploads\\\/2026\\\/08\\\/YAH-PH-RO1-SIMIAN-T910-009-144-Copy.jpg?fit=1200%2C800&ssl=1\",\"width\":1200,\"height\":800},{\"@type\":\"BreadcrumbList\",\"@id\":\"https:\\\/\\\/romagenocidemap.org\\\/ro\\\/listing\\\/deportare-rromi-simian\\\/#breadcrumb\",\"itemListElement\":[{\"@type\":\"ListItem\",\"position\":1,\"name\":\"Home\",\"item\":\"https:\\\/\\\/romagenocidemap.org\\\/ro\\\/\"},{\"@type\":\"ListItem\",\"position\":2,\"name\":\"Listings\",\"item\":\"https:\\\/\\\/romagenocidemap.org\\\/ro\\\/listings\\\/\"},{\"@type\":\"ListItem\",\"position\":3,\"name\":\"Deportare rromi Simian\"}]},{\"@type\":\"WebSite\",\"@id\":\"https:\\\/\\\/romagenocidemap.org\\\/ro\\\/#website\",\"url\":\"https:\\\/\\\/romagenocidemap.org\\\/ro\\\/\",\"name\":\"Yahad-In Unum\",\"description\":\"Yahad-In Unum\",\"publisher\":{\"@id\":\"https:\\\/\\\/romagenocidemap.org\\\/ro\\\/#organization\"},\"potentialAction\":[{\"@type\":\"SearchAction\",\"target\":{\"@type\":\"EntryPoint\",\"urlTemplate\":\"https:\\\/\\\/romagenocidemap.org\\\/ro\\\/?s={search_term_string}\"},\"query-input\":{\"@type\":\"PropertyValueSpecification\",\"valueRequired\":true,\"valueName\":\"search_term_string\"}}],\"inLanguage\":\"ro-RO\"},{\"@type\":\"Organization\",\"@id\":\"https:\\\/\\\/romagenocidemap.org\\\/ro\\\/#organization\",\"name\":\"Yahad-In Unum\",\"url\":\"https:\\\/\\\/romagenocidemap.org\\\/ro\\\/\",\"logo\":{\"@type\":\"ImageObject\",\"inLanguage\":\"ro-RO\",\"@id\":\"https:\\\/\\\/romagenocidemap.org\\\/ro\\\/#\\\/schema\\\/logo\\\/image\\\/\",\"url\":\"https:\\\/\\\/i0.wp.com\\\/romagenocidemap.org\\\/wp-content\\\/uploads\\\/2025\\\/02\\\/Logo-Yahad-1.png?fit=1501%2C433&ssl=1\",\"contentUrl\":\"https:\\\/\\\/i0.wp.com\\\/romagenocidemap.org\\\/wp-content\\\/uploads\\\/2025\\\/02\\\/Logo-Yahad-1.png?fit=1501%2C433&ssl=1\",\"width\":1501,\"height\":433,\"caption\":\"Yahad-In Unum\"},\"image\":{\"@id\":\"https:\\\/\\\/romagenocidemap.org\\\/ro\\\/#\\\/schema\\\/logo\\\/image\\\/\"}}]}<\/script>\n<!-- \/ Yoast SEO plugin. -->","yoast_head_json":{"title":"Deportare rromi Simian - Yahad-In Unum","robots":{"index":"index","follow":"follow","max-snippet":"max-snippet:-1","max-image-preview":"max-image-preview:large","max-video-preview":"max-video-preview:-1"},"canonical":"https:\/\/romagenocidemap.org\/ro\/listing\/deportare-rromi-simian\/","og_locale":"ro_RO","og_type":"article","og_title":"Deportare rromi Simian - Yahad-In Unum","og_description":"Numele satului\/Orasului : \u0218imian (comuna) Regiune, \u021bar\u0103 :\u00a0 Jude\u021bul Mehedin\u021bi, regiunea Oltenia (Rom\u00e2nia) Data deport\u0103rii :\u00a0Iunie- august 1942 Extras din m\u0103rturie : \u201c[Deporta\u021bii romi] au plecat \u00een c\u0103ru\u021be trase de m\u0103gari \u0219i au c\u0103l\u0103torit p\u00e2n\u0103 \u00een Transnistria. S-au oprit de mai multe orie pentru a ad\u0103pa m\u0103garii. Erau p\u0103zi\u021bi de numero\u0219i jandarmi, care \u00eei escortau [&hellip;]","og_url":"https:\/\/romagenocidemap.org\/ro\/listing\/deportare-rromi-simian\/","og_site_name":"Yahad-In Unum","article_modified_time":"2026-08-07T08:58:06+00:00","og_image":[{"width":1200,"height":800,"url":"https:\/\/i0.wp.com\/romagenocidemap.org\/wp-content\/uploads\/2026\/08\/YAH-PH-RO1-SIMIAN-T910-009-144-Copy.jpg?fit=1200%2C800&ssl=1","type":"image\/jpeg"}],"twitter_card":"summary_large_image","twitter_misc":{"Timp estimat pentru citire":"2 minute"},"schema":{"@context":"https:\/\/schema.org","@graph":[{"@type":"WebPage","@id":"https:\/\/romagenocidemap.org\/ro\/listing\/deportare-rromi-simian\/","url":"https:\/\/romagenocidemap.org\/ro\/listing\/deportare-rromi-simian\/","name":"Deportare rromi Simian - Yahad-In Unum","isPartOf":{"@id":"https:\/\/romagenocidemap.org\/ro\/#website"},"primaryImageOfPage":{"@id":"https:\/\/romagenocidemap.org\/ro\/listing\/deportare-rromi-simian\/#primaryimage"},"image":{"@id":"https:\/\/romagenocidemap.org\/ro\/listing\/deportare-rromi-simian\/#primaryimage"},"thumbnailUrl":"https:\/\/i0.wp.com\/romagenocidemap.org\/wp-content\/uploads\/2026\/08\/YAH-PH-RO1-SIMIAN-T910-009-144-Copy.jpg?fit=1200%2C800&ssl=1","datePublished":"2026-08-07T08:54:53+00:00","dateModified":"2026-08-07T08:58:06+00:00","breadcrumb":{"@id":"https:\/\/romagenocidemap.org\/ro\/listing\/deportare-rromi-simian\/#breadcrumb"},"inLanguage":"ro-RO","potentialAction":[{"@type":"ReadAction","target":["https:\/\/romagenocidemap.org\/ro\/listing\/deportare-rromi-simian\/"]}]},{"@type":"ImageObject","inLanguage":"ro-RO","@id":"https:\/\/romagenocidemap.org\/ro\/listing\/deportare-rromi-simian\/#primaryimage","url":"https:\/\/i0.wp.com\/romagenocidemap.org\/wp-content\/uploads\/2026\/08\/YAH-PH-RO1-SIMIAN-T910-009-144-Copy.jpg?fit=1200%2C800&ssl=1","contentUrl":"https:\/\/i0.wp.com\/romagenocidemap.org\/wp-content\/uploads\/2026\/08\/YAH-PH-RO1-SIMIAN-T910-009-144-Copy.jpg?fit=1200%2C800&ssl=1","width":1200,"height":800},{"@type":"BreadcrumbList","@id":"https:\/\/romagenocidemap.org\/ro\/listing\/deportare-rromi-simian\/#breadcrumb","itemListElement":[{"@type":"ListItem","position":1,"name":"Home","item":"https:\/\/romagenocidemap.org\/ro\/"},{"@type":"ListItem","position":2,"name":"Listings","item":"https:\/\/romagenocidemap.org\/ro\/listings\/"},{"@type":"ListItem","position":3,"name":"Deportare rromi Simian"}]},{"@type":"WebSite","@id":"https:\/\/romagenocidemap.org\/ro\/#website","url":"https:\/\/romagenocidemap.org\/ro\/","name":"Yahad-In Unum","description":"Yahad-In Unum","publisher":{"@id":"https:\/\/romagenocidemap.org\/ro\/#organization"},"potentialAction":[{"@type":"SearchAction","target":{"@type":"EntryPoint","urlTemplate":"https:\/\/romagenocidemap.org\/ro\/?s={search_term_string}"},"query-input":{"@type":"PropertyValueSpecification","valueRequired":true,"valueName":"search_term_string"}}],"inLanguage":"ro-RO"},{"@type":"Organization","@id":"https:\/\/romagenocidemap.org\/ro\/#organization","name":"Yahad-In Unum","url":"https:\/\/romagenocidemap.org\/ro\/","logo":{"@type":"ImageObject","inLanguage":"ro-RO","@id":"https:\/\/romagenocidemap.org\/ro\/#\/schema\/logo\/image\/","url":"https:\/\/i0.wp.com\/romagenocidemap.org\/wp-content\/uploads\/2025\/02\/Logo-Yahad-1.png?fit=1501%2C433&ssl=1","contentUrl":"https:\/\/i0.wp.com\/romagenocidemap.org\/wp-content\/uploads\/2025\/02\/Logo-Yahad-1.png?fit=1501%2C433&ssl=1","width":1501,"height":433,"caption":"Yahad-In Unum"},"image":{"@id":"https:\/\/romagenocidemap.org\/ro\/#\/schema\/logo\/image\/"}}]}},"jetpack_sharing_enabled":true,"_links":{"self":[{"href":"https:\/\/romagenocidemap.org\/ro\/wp-json\/wp\/v2\/listing\/3119","targetHints":{"allow":["GET"]}}],"collection":[{"href":"https:\/\/romagenocidemap.org\/ro\/wp-json\/wp\/v2\/listing"}],"about":[{"href":"https:\/\/romagenocidemap.org\/ro\/wp-json\/wp\/v2\/types\/listing"}],"author":[{"embeddable":true,"href":"https:\/\/romagenocidemap.org\/ro\/wp-json\/wp\/v2\/users\/17"}],"replies":[{"embeddable":true,"href":"https:\/\/romagenocidemap.org\/ro\/wp-json\/wp\/v2\/comments?post=3119"}],"version-history":[{"count":2,"href":"https:\/\/romagenocidemap.org\/ro\/wp-json\/wp\/v2\/listing\/3119\/revisions"}],"predecessor-version":[{"id":3124,"href":"https:\/\/romagenocidemap.org\/ro\/wp-json\/wp\/v2\/listing\/3119\/revisions\/3124"}],"wp:featuredmedia":[{"embeddable":true,"href":"https:\/\/romagenocidemap.org\/ro\/wp-json\/wp\/v2\/media\/3115"}],"wp:attachment":[{"href":"https:\/\/romagenocidemap.org\/ro\/wp-json\/wp\/v2\/media?parent=3119"}],"wp:term":[{"taxonomy":"listing_category","embeddable":true,"href":"https:\/\/romagenocidemap.org\/ro\/wp-json\/wp\/v2\/listing_category?post=3119"},{"taxonomy":"event_category","embeddable":true,"href":"https:\/\/romagenocidemap.org\/ro\/wp-json\/wp\/v2\/event_category?post=3119"},{"taxonomy":"service_category","embeddable":true,"href":"https:\/\/romagenocidemap.org\/ro\/wp-json\/wp\/v2\/service_category?post=3119"},{"taxonomy":"rental_category","embeddable":true,"href":"https:\/\/romagenocidemap.org\/ro\/wp-json\/wp\/v2\/rental_category?post=3119"},{"taxonomy":"classifieds_category","embeddable":true,"href":"https:\/\/romagenocidemap.org\/ro\/wp-json\/wp\/v2\/classifieds_category?post=3119"},{"taxonomy":"listing_feature","embeddable":true,"href":"https:\/\/romagenocidemap.org\/ro\/wp-json\/wp\/v2\/listing_feature?post=3119"},{"taxonomy":"region","embeddable":true,"href":"https:\/\/romagenocidemap.org\/ro\/wp-json\/wp\/v2\/region?post=3119"}],"curies":[{"name":"wp","href":"https:\/\/api.w.org\/{rel}","templated":true}]}}