{"id":3145,"date":"2026-08-07T09:12:50","date_gmt":"2026-08-07T09:12:50","guid":{"rendered":"https:\/\/romagenocidemap.org\/?post_type=listing&#038;p=3145"},"modified":"2026-08-07T09:18:10","modified_gmt":"2026-08-07T09:18:10","slug":"deportare-rromi-garla-mare-judetul-mehedinti","status":"publish","type":"listing","link":"https:\/\/romagenocidemap.org\/ro\/listing\/deportare-rromi-garla-mare-judetul-mehedinti\/","title":{"rendered":"Deportare rromi G\u00e2rla Mare judetul Mehedinti"},"content":{"rendered":"<p>Numele satului : G\u00e2rla-Mare (sat \u00een comuna cu acela\u0219i nume, jude\u021bul Mehedin\u021bi)<\/p>\n<p>Regiune, \u021aar\u0103 : Regiunea Oltenia, Rom\u00e2nia<\/p>\n<p>Data deport\u0103rii : Septembrie 1942<\/p>\n<p>Extras din m\u0103rturie:<\/p>\n<p>\u201e[\u2026] Odat\u0103 ajun\u0219i la Kovaliovka, [romii deporta\u021bi] au fost ad\u0103posti\u021bi \u00een hambarele unui colhoz. Fratele s\u0103u (Nicolai) \u0219i sora sa (M\u0103rioara) au murit de tifos \u0219i holer\u0103. Cadavrele au fost aruncate \u00een \u0219an\u021buri \u00een spatele hambarelor. Tinerii romi aveau sarcina de a s\u0103pa aceste \u0219an\u021buri \u0219i de a \u00eengropa cadavrele. Uneori, turnau benzin\u0103 pe cadavre \u0219i le ardeau.<br \/>\nOcazional, li se d\u0103dea porumb.\u201d<\/p>\n<p>Primarul purta \u0219i el o banderol\u0103, iar g\u0103rzile erau civili ru\u0219i neuniformiza\u021bi, purt\u00e2nd banderole. Erau \u00eenarma\u021bi. G\u0103rzile nu se apropiau prea mult de hambare. Se asigurau c\u0103 nimeni nu se apropia de sat. \u00cei \u00eempu\u0219cau pe cei care \u00eencercau s\u0103 fac\u0103 acest lucru. Unchiul s\u0103u a fost ucis din acest motiv cu o pu\u0219c\u0103 [\u2026].\u201d<\/p>\n<p>Arhivele Rom\u00e2ne\u0219ti (dac\u0103 sunt disponibile): Numele persoanei intervievate apare pe listele de deportare \u00eentocmite de Jandarmeria Mehedin\u021bi \u00een vara anului 1942. \u00cen cazul localit\u0103\u021bii G\u00e2rla Mare, 181 de romi (43 de familii) au fost propu\u0219i pentru deportare, inclusiv familia persoanei intervievate (ANI, dosar IGJ nr. 127\/1942, p. 51).<\/p>\n<p>Not\u0103 istoric\u0103 despre romi: G\u00e2rla-Mare g\u0103zduie\u0219te una dintre cele mai mari comunit\u0103\u021bi de romi din jude\u021bul Ehedin\u021bi. Situat\u0103 pe malul st\u00e2ng al Dun\u0103rii, la aproximativ 55 km de Drobeta Turnu-Severin, comuna avea 2.480 de locuitori la sf\u00e2r\u0219itul secolului al XIX-lea (MDGR 1900, III: 557). \u00cen jurul anului 1930, existau 2.967 de locuitori, inclusiv 182 de romi sedentari (RGP 1930, II: 278-279). Unii dintre ace\u0219ti romi erau muncitori agricoli care lucrau pe marile mo\u0219ii din zon\u0103, potrivit persoanei intervievate.<\/p>\n<p>Not\u0103 istoric\u0103 despre deportare: Deportarea romilor sedentari din G\u00e2rla-Mare s-a produs \u00een mai multe etape. \u00cen jurul datei de 25 mai 1942, jandarmii locali au efectuat un recens\u0103m\u00e2nt \u00een comun\u0103 \u0219i au identificat 214 romi problematici\u201d (ANI, dosar IGJ nr. 201\/1942, p. 151-156). \u00centre 8 \u0219i 12 septembrie 1942, jandarmii au adunat 181 de romi de la locuin\u021bele lor din G\u00e2rla-Mare \u0219i i-au escortat la Maglavit, apoi la Craiova, promi\u021b\u00e2ndu-le c\u0103 li se va acorda p\u0103m\u00e2nt. Convoiul de deportare a r\u0103mas dou\u0103 zile \u00een Craiova, dup\u0103 care romii au fost \u00eenc\u0103rca\u021bi \u00een vagoane de marf\u0103 ata\u0219ate trenului special E8. Trenul a plecat pe 12 septembrie 1942, \u00eendrept\u00e2ndu-se spre Tighina \u0219i, dup\u0103 o c\u0103l\u0103torie anevoioas\u0103 (mul\u021bi deporta\u021bi au murit de foame \u00een vagoane), a ajuns la destina\u021bie aproximativ o s\u0103pt\u0103m\u00e2n\u0103 mai t\u00e2rziu (ANI, dosar IGJ nr. 126\/1942: p. 109; p. 213-214). Deporta\u021bii au ajuns \u00een Transnistria. la sf\u00e2r\u0219itul lunii septembrie 1942 \u0219i au fost plasa\u021bi ini\u021bial \u00een satul Kovaliovka (raionul Oceakov). Au fost ad\u0103posti\u021bi \u00een hambarele unei ferme colective \u0219i supu\u0219i la munc\u0103 silnic\u0103, cultiv\u00e2nd p\u0103m\u00e2ntul \u0219i primind ra\u021bii de porumb modeste. Conform m\u0103rturiilor, foametea, tifosul \u0219i brutalitatea gardienilor (inclusiv violuri \u0219i execu\u021bii sumare) au decimat popula\u021bia rom\u0103. O raz\u0103 de speran\u021b\u0103 a ap\u0103rut atunci c\u00e2nd tat\u0103l intervievatului, un soldat mobilizat care se \u00eentorsese de pe front, a \u00eenceput s\u0103 caute familia. I-a g\u0103sit \u00een Kovaliovka, dar reuniunea lor a fost de scurt\u0103 durat\u0103 (epidemia de tifos l-a luat la mai pu\u021bin de trei s\u0103pt\u0103m\u00e2ni de la sosirea sa \u00een Transnistria). Ulterior, familia intervievatului a fost mutat\u0103 \u00een alte loca\u021bii din raionul Oceakov, cum ar fi Korcinskoje \u0219i Zabrik, \u0219i for\u021bat\u0103 s\u0103 lucreze \u00een ferme colective. Mama \u0219i bunicii s\u0103i au murit de tifos.<\/p>\n<p>Este demn de remarcat faptul c\u0103 intervievatul a \u00eent\u00e2lnit \u00een Transnistria romi \u0219i evrei nomazi (aproximativ 400-500), care au \u00eencercat s\u0103 evadeze. \u00cen \u00eencerc\u0103rile lor disperate de a traversa r\u00e2ul Bug \u00eenghe\u021bat, au fost observa\u021bi de gardienii ucraineni \u0219i uci\u0219i sadic (gardienii au aruncat grenade pentru a sparge ghea\u021ba, provoc\u00e2nd moartea prin \u00eenec a deporta\u021bilor).<\/p>\n<p>Repatrierea a avut loc probabil \u00een prim\u0103vara anului 1944, c\u00e2nd deporta\u021bii au \u00eenceput s\u0103 se \u00eentoarc\u0103 \u00een Rom\u00e2nia \u00een urma retragerii trupelor rom\u00e2no-germane din Transnistria. La \u00eentoarcerea la G\u00e2rla-Mare, au fost nevoi\u021bi s\u0103-\u0219i reconstruiasc\u0103 casele distruse (casa lor fusese distrus\u0103, iar autorit\u0103\u021bile nu le-au oferit desp\u0103gubiri).<\/p>\n<p>O scurt\u0103 not\u0103 despre un aspect al romilor: Unii dintre romii din G\u00e2rla-Mare sunt muzicieni (intervievatul este acordeonist).<\/p>\n","protected":false},"author":17,"featured_media":3143,"comment_status":"open","ping_status":"closed","template":"","meta":{"nf_dc_page":"","om_disable_all_campaigns":false,"_monsterinsights_skip_tracking":false},"listing_category":[64],"event_category":[],"service_category":[],"rental_category":[],"classifieds_category":[],"listing_feature":[78,82,77],"region":[69],"class_list":["post-3145","listing","type-listing","status-publish","has-post-thumbnail","hentry","listing_category-deportations","listing_feature-rail-deportation","listing_feature-romanian-perpetrator","listing_feature-sedentary-lifestyle","region-oltenia"],"yoast_head":"<!-- This site is optimized with the Yoast SEO plugin v28.4 - https:\/\/yoast.com\/product\/yoast-seo-wordpress\/ -->\n<title>Deportare rromi G\u00e2rla Mare judetul Mehedinti - Yahad-In Unum<\/title>\n<meta name=\"robots\" content=\"index, follow, max-snippet:-1, max-image-preview:large, max-video-preview:-1\" \/>\n<link rel=\"canonical\" href=\"https:\/\/romagenocidemap.org\/ro\/listing\/deportare-rromi-garla-mare-judetul-mehedinti\/\" \/>\n<meta property=\"og:locale\" content=\"ro_RO\" \/>\n<meta property=\"og:type\" content=\"article\" \/>\n<meta property=\"og:title\" content=\"Deportare rromi G\u00e2rla Mare judetul Mehedinti - Yahad-In Unum\" \/>\n<meta property=\"og:description\" content=\"Numele satului : G\u00e2rla-Mare (sat \u00een comuna cu acela\u0219i nume, jude\u021bul Mehedin\u021bi) Regiune, \u021aar\u0103 : Regiunea Oltenia, Rom\u00e2nia Data deport\u0103rii : Septembrie 1942 Extras din m\u0103rturie: \u201e[\u2026] Odat\u0103 ajun\u0219i la Kovaliovka, [romii deporta\u021bi] au fost ad\u0103posti\u021bi \u00een hambarele unui colhoz. Fratele s\u0103u (Nicolai) \u0219i sora sa (M\u0103rioara) au murit de tifos \u0219i holer\u0103. Cadavrele au [&hellip;]\" \/>\n<meta property=\"og:url\" content=\"https:\/\/romagenocidemap.org\/ro\/listing\/deportare-rromi-garla-mare-judetul-mehedinti\/\" \/>\n<meta property=\"og:site_name\" content=\"Yahad-In Unum\" \/>\n<meta property=\"article:modified_time\" content=\"2026-08-07T09:18:10+00:00\" \/>\n<meta property=\"og:image\" content=\"https:\/\/i0.wp.com\/romagenocidemap.org\/wp-content\/uploads\/2026\/08\/YAH-PH-RO1-PUNGHINA-T14-014-32-Copy.jpg?fit=1200%2C800&ssl=1\" \/>\n\t<meta property=\"og:image:width\" content=\"1200\" \/>\n\t<meta property=\"og:image:height\" content=\"800\" \/>\n\t<meta property=\"og:image:type\" content=\"image\/jpeg\" \/>\n<meta name=\"twitter:card\" content=\"summary_large_image\" \/>\n<meta name=\"twitter:label1\" content=\"Timp estimat pentru citire\" \/>\n\t<meta name=\"twitter:data1\" content=\"4 minute\" \/>\n<script type=\"application\/ld+json\" class=\"yoast-schema-graph\">{\"@context\":\"https:\\\/\\\/schema.org\",\"@graph\":[{\"@type\":\"WebPage\",\"@id\":\"https:\\\/\\\/romagenocidemap.org\\\/ro\\\/listing\\\/deportare-rromi-garla-mare-judetul-mehedinti\\\/\",\"url\":\"https:\\\/\\\/romagenocidemap.org\\\/ro\\\/listing\\\/deportare-rromi-garla-mare-judetul-mehedinti\\\/\",\"name\":\"Deportare rromi G\u00e2rla Mare judetul Mehedinti - Yahad-In Unum\",\"isPartOf\":{\"@id\":\"https:\\\/\\\/romagenocidemap.org\\\/ro\\\/#website\"},\"primaryImageOfPage\":{\"@id\":\"https:\\\/\\\/romagenocidemap.org\\\/ro\\\/listing\\\/deportare-rromi-garla-mare-judetul-mehedinti\\\/#primaryimage\"},\"image\":{\"@id\":\"https:\\\/\\\/romagenocidemap.org\\\/ro\\\/listing\\\/deportare-rromi-garla-mare-judetul-mehedinti\\\/#primaryimage\"},\"thumbnailUrl\":\"https:\\\/\\\/i0.wp.com\\\/romagenocidemap.org\\\/wp-content\\\/uploads\\\/2026\\\/08\\\/YAH-PH-RO1-PUNGHINA-T14-014-32-Copy.jpg?fit=1200%2C800&ssl=1\",\"datePublished\":\"2026-08-07T09:12:50+00:00\",\"dateModified\":\"2026-08-07T09:18:10+00:00\",\"breadcrumb\":{\"@id\":\"https:\\\/\\\/romagenocidemap.org\\\/ro\\\/listing\\\/deportare-rromi-garla-mare-judetul-mehedinti\\\/#breadcrumb\"},\"inLanguage\":\"ro-RO\",\"potentialAction\":[{\"@type\":\"ReadAction\",\"target\":[\"https:\\\/\\\/romagenocidemap.org\\\/ro\\\/listing\\\/deportare-rromi-garla-mare-judetul-mehedinti\\\/\"]}]},{\"@type\":\"ImageObject\",\"inLanguage\":\"ro-RO\",\"@id\":\"https:\\\/\\\/romagenocidemap.org\\\/ro\\\/listing\\\/deportare-rromi-garla-mare-judetul-mehedinti\\\/#primaryimage\",\"url\":\"https:\\\/\\\/i0.wp.com\\\/romagenocidemap.org\\\/wp-content\\\/uploads\\\/2026\\\/08\\\/YAH-PH-RO1-PUNGHINA-T14-014-32-Copy.jpg?fit=1200%2C800&ssl=1\",\"contentUrl\":\"https:\\\/\\\/i0.wp.com\\\/romagenocidemap.org\\\/wp-content\\\/uploads\\\/2026\\\/08\\\/YAH-PH-RO1-PUNGHINA-T14-014-32-Copy.jpg?fit=1200%2C800&ssl=1\",\"width\":1200,\"height\":800},{\"@type\":\"BreadcrumbList\",\"@id\":\"https:\\\/\\\/romagenocidemap.org\\\/ro\\\/listing\\\/deportare-rromi-garla-mare-judetul-mehedinti\\\/#breadcrumb\",\"itemListElement\":[{\"@type\":\"ListItem\",\"position\":1,\"name\":\"Home\",\"item\":\"https:\\\/\\\/romagenocidemap.org\\\/ro\\\/\"},{\"@type\":\"ListItem\",\"position\":2,\"name\":\"Listings\",\"item\":\"https:\\\/\\\/romagenocidemap.org\\\/ro\\\/listings\\\/\"},{\"@type\":\"ListItem\",\"position\":3,\"name\":\"Deportare rromi G\u00e2rla Mare judetul Mehedinti\"}]},{\"@type\":\"WebSite\",\"@id\":\"https:\\\/\\\/romagenocidemap.org\\\/ro\\\/#website\",\"url\":\"https:\\\/\\\/romagenocidemap.org\\\/ro\\\/\",\"name\":\"Yahad-In Unum\",\"description\":\"Yahad-In Unum\",\"publisher\":{\"@id\":\"https:\\\/\\\/romagenocidemap.org\\\/ro\\\/#organization\"},\"potentialAction\":[{\"@type\":\"SearchAction\",\"target\":{\"@type\":\"EntryPoint\",\"urlTemplate\":\"https:\\\/\\\/romagenocidemap.org\\\/ro\\\/?s={search_term_string}\"},\"query-input\":{\"@type\":\"PropertyValueSpecification\",\"valueRequired\":true,\"valueName\":\"search_term_string\"}}],\"inLanguage\":\"ro-RO\"},{\"@type\":\"Organization\",\"@id\":\"https:\\\/\\\/romagenocidemap.org\\\/ro\\\/#organization\",\"name\":\"Yahad-In Unum\",\"url\":\"https:\\\/\\\/romagenocidemap.org\\\/ro\\\/\",\"logo\":{\"@type\":\"ImageObject\",\"inLanguage\":\"ro-RO\",\"@id\":\"https:\\\/\\\/romagenocidemap.org\\\/ro\\\/#\\\/schema\\\/logo\\\/image\\\/\",\"url\":\"https:\\\/\\\/i0.wp.com\\\/romagenocidemap.org\\\/wp-content\\\/uploads\\\/2025\\\/02\\\/Logo-Yahad-1.png?fit=1501%2C433&ssl=1\",\"contentUrl\":\"https:\\\/\\\/i0.wp.com\\\/romagenocidemap.org\\\/wp-content\\\/uploads\\\/2025\\\/02\\\/Logo-Yahad-1.png?fit=1501%2C433&ssl=1\",\"width\":1501,\"height\":433,\"caption\":\"Yahad-In Unum\"},\"image\":{\"@id\":\"https:\\\/\\\/romagenocidemap.org\\\/ro\\\/#\\\/schema\\\/logo\\\/image\\\/\"}}]}<\/script>\n<!-- \/ Yoast SEO plugin. -->","yoast_head_json":{"title":"Deportare rromi G\u00e2rla Mare judetul Mehedinti - Yahad-In Unum","robots":{"index":"index","follow":"follow","max-snippet":"max-snippet:-1","max-image-preview":"max-image-preview:large","max-video-preview":"max-video-preview:-1"},"canonical":"https:\/\/romagenocidemap.org\/ro\/listing\/deportare-rromi-garla-mare-judetul-mehedinti\/","og_locale":"ro_RO","og_type":"article","og_title":"Deportare rromi G\u00e2rla Mare judetul Mehedinti - Yahad-In Unum","og_description":"Numele satului : G\u00e2rla-Mare (sat \u00een comuna cu acela\u0219i nume, jude\u021bul Mehedin\u021bi) Regiune, \u021aar\u0103 : Regiunea Oltenia, Rom\u00e2nia Data deport\u0103rii : Septembrie 1942 Extras din m\u0103rturie: \u201e[\u2026] Odat\u0103 ajun\u0219i la Kovaliovka, [romii deporta\u021bi] au fost ad\u0103posti\u021bi \u00een hambarele unui colhoz. Fratele s\u0103u (Nicolai) \u0219i sora sa (M\u0103rioara) au murit de tifos \u0219i holer\u0103. Cadavrele au [&hellip;]","og_url":"https:\/\/romagenocidemap.org\/ro\/listing\/deportare-rromi-garla-mare-judetul-mehedinti\/","og_site_name":"Yahad-In Unum","article_modified_time":"2026-08-07T09:18:10+00:00","og_image":[{"width":1200,"height":800,"url":"https:\/\/i0.wp.com\/romagenocidemap.org\/wp-content\/uploads\/2026\/08\/YAH-PH-RO1-PUNGHINA-T14-014-32-Copy.jpg?fit=1200%2C800&ssl=1","type":"image\/jpeg"}],"twitter_card":"summary_large_image","twitter_misc":{"Timp estimat pentru citire":"4 minute"},"schema":{"@context":"https:\/\/schema.org","@graph":[{"@type":"WebPage","@id":"https:\/\/romagenocidemap.org\/ro\/listing\/deportare-rromi-garla-mare-judetul-mehedinti\/","url":"https:\/\/romagenocidemap.org\/ro\/listing\/deportare-rromi-garla-mare-judetul-mehedinti\/","name":"Deportare rromi G\u00e2rla Mare judetul Mehedinti - Yahad-In Unum","isPartOf":{"@id":"https:\/\/romagenocidemap.org\/ro\/#website"},"primaryImageOfPage":{"@id":"https:\/\/romagenocidemap.org\/ro\/listing\/deportare-rromi-garla-mare-judetul-mehedinti\/#primaryimage"},"image":{"@id":"https:\/\/romagenocidemap.org\/ro\/listing\/deportare-rromi-garla-mare-judetul-mehedinti\/#primaryimage"},"thumbnailUrl":"https:\/\/i0.wp.com\/romagenocidemap.org\/wp-content\/uploads\/2026\/08\/YAH-PH-RO1-PUNGHINA-T14-014-32-Copy.jpg?fit=1200%2C800&ssl=1","datePublished":"2026-08-07T09:12:50+00:00","dateModified":"2026-08-07T09:18:10+00:00","breadcrumb":{"@id":"https:\/\/romagenocidemap.org\/ro\/listing\/deportare-rromi-garla-mare-judetul-mehedinti\/#breadcrumb"},"inLanguage":"ro-RO","potentialAction":[{"@type":"ReadAction","target":["https:\/\/romagenocidemap.org\/ro\/listing\/deportare-rromi-garla-mare-judetul-mehedinti\/"]}]},{"@type":"ImageObject","inLanguage":"ro-RO","@id":"https:\/\/romagenocidemap.org\/ro\/listing\/deportare-rromi-garla-mare-judetul-mehedinti\/#primaryimage","url":"https:\/\/i0.wp.com\/romagenocidemap.org\/wp-content\/uploads\/2026\/08\/YAH-PH-RO1-PUNGHINA-T14-014-32-Copy.jpg?fit=1200%2C800&ssl=1","contentUrl":"https:\/\/i0.wp.com\/romagenocidemap.org\/wp-content\/uploads\/2026\/08\/YAH-PH-RO1-PUNGHINA-T14-014-32-Copy.jpg?fit=1200%2C800&ssl=1","width":1200,"height":800},{"@type":"BreadcrumbList","@id":"https:\/\/romagenocidemap.org\/ro\/listing\/deportare-rromi-garla-mare-judetul-mehedinti\/#breadcrumb","itemListElement":[{"@type":"ListItem","position":1,"name":"Home","item":"https:\/\/romagenocidemap.org\/ro\/"},{"@type":"ListItem","position":2,"name":"Listings","item":"https:\/\/romagenocidemap.org\/ro\/listings\/"},{"@type":"ListItem","position":3,"name":"Deportare rromi G\u00e2rla Mare judetul Mehedinti"}]},{"@type":"WebSite","@id":"https:\/\/romagenocidemap.org\/ro\/#website","url":"https:\/\/romagenocidemap.org\/ro\/","name":"Yahad-In Unum","description":"Yahad-In Unum","publisher":{"@id":"https:\/\/romagenocidemap.org\/ro\/#organization"},"potentialAction":[{"@type":"SearchAction","target":{"@type":"EntryPoint","urlTemplate":"https:\/\/romagenocidemap.org\/ro\/?s={search_term_string}"},"query-input":{"@type":"PropertyValueSpecification","valueRequired":true,"valueName":"search_term_string"}}],"inLanguage":"ro-RO"},{"@type":"Organization","@id":"https:\/\/romagenocidemap.org\/ro\/#organization","name":"Yahad-In Unum","url":"https:\/\/romagenocidemap.org\/ro\/","logo":{"@type":"ImageObject","inLanguage":"ro-RO","@id":"https:\/\/romagenocidemap.org\/ro\/#\/schema\/logo\/image\/","url":"https:\/\/i0.wp.com\/romagenocidemap.org\/wp-content\/uploads\/2025\/02\/Logo-Yahad-1.png?fit=1501%2C433&ssl=1","contentUrl":"https:\/\/i0.wp.com\/romagenocidemap.org\/wp-content\/uploads\/2025\/02\/Logo-Yahad-1.png?fit=1501%2C433&ssl=1","width":1501,"height":433,"caption":"Yahad-In Unum"},"image":{"@id":"https:\/\/romagenocidemap.org\/ro\/#\/schema\/logo\/image\/"}}]}},"jetpack_sharing_enabled":true,"_links":{"self":[{"href":"https:\/\/romagenocidemap.org\/ro\/wp-json\/wp\/v2\/listing\/3145","targetHints":{"allow":["GET"]}}],"collection":[{"href":"https:\/\/romagenocidemap.org\/ro\/wp-json\/wp\/v2\/listing"}],"about":[{"href":"https:\/\/romagenocidemap.org\/ro\/wp-json\/wp\/v2\/types\/listing"}],"author":[{"embeddable":true,"href":"https:\/\/romagenocidemap.org\/ro\/wp-json\/wp\/v2\/users\/17"}],"replies":[{"embeddable":true,"href":"https:\/\/romagenocidemap.org\/ro\/wp-json\/wp\/v2\/comments?post=3145"}],"version-history":[{"count":2,"href":"https:\/\/romagenocidemap.org\/ro\/wp-json\/wp\/v2\/listing\/3145\/revisions"}],"predecessor-version":[{"id":3150,"href":"https:\/\/romagenocidemap.org\/ro\/wp-json\/wp\/v2\/listing\/3145\/revisions\/3150"}],"wp:featuredmedia":[{"embeddable":true,"href":"https:\/\/romagenocidemap.org\/ro\/wp-json\/wp\/v2\/media\/3143"}],"wp:attachment":[{"href":"https:\/\/romagenocidemap.org\/ro\/wp-json\/wp\/v2\/media?parent=3145"}],"wp:term":[{"taxonomy":"listing_category","embeddable":true,"href":"https:\/\/romagenocidemap.org\/ro\/wp-json\/wp\/v2\/listing_category?post=3145"},{"taxonomy":"event_category","embeddable":true,"href":"https:\/\/romagenocidemap.org\/ro\/wp-json\/wp\/v2\/event_category?post=3145"},{"taxonomy":"service_category","embeddable":true,"href":"https:\/\/romagenocidemap.org\/ro\/wp-json\/wp\/v2\/service_category?post=3145"},{"taxonomy":"rental_category","embeddable":true,"href":"https:\/\/romagenocidemap.org\/ro\/wp-json\/wp\/v2\/rental_category?post=3145"},{"taxonomy":"classifieds_category","embeddable":true,"href":"https:\/\/romagenocidemap.org\/ro\/wp-json\/wp\/v2\/classifieds_category?post=3145"},{"taxonomy":"listing_feature","embeddable":true,"href":"https:\/\/romagenocidemap.org\/ro\/wp-json\/wp\/v2\/listing_feature?post=3145"},{"taxonomy":"region","embeddable":true,"href":"https:\/\/romagenocidemap.org\/ro\/wp-json\/wp\/v2\/region?post=3145"}],"curies":[{"name":"wp","href":"https:\/\/api.w.org\/{rel}","templated":true}]}}