{"id":3169,"date":"2026-08-07T09:47:29","date_gmt":"2026-08-07T09:47:29","guid":{"rendered":"https:\/\/romagenocidemap.org\/?post_type=listing&#038;p=3169"},"modified":"2026-08-07T09:47:29","modified_gmt":"2026-08-07T09:47:29","slug":"deportare-rromi-craiova","status":"publish","type":"listing","link":"https:\/\/romagenocidemap.org\/ro\/listing\/deportare-rromi-craiova\/","title":{"rendered":"Deportare rromi Craiova"},"content":{"rendered":"<p>Numele satului: Ora\u0219ul Craiova (jude\u021bul Dolj)<\/p>\n<p>Regiune, tara: Oltenia (Rom\u00e2nia)<\/p>\n<p>Data deport\u0103rii: Iunie- august 1942<\/p>\n<p>Extras din m\u0103rturie: \u201ePersoana intervievat\u0103 a fost deportat\u0103, \u00eempreun\u0103 cu familia, \u00een satul Domaniovka [jud. Golta, Transnistria], unde au r\u0103mas timp de doi ani. Erau supraveghea\u021bi de [gardieni] rom\u00e2ni \u0219i ru\u0219i \u00eentr-un bordei pe care erau l-au s\u0103pat ei \u00eens\u0103\u0219i. Nu erau case prin apropiere. diminea\u021b\u0103. Familia sa hr\u0103nit \u00een principal cu cartofi \u00cen perioada \u00een care au tr\u0103it acolo, bunicul \u0219i bunica [persoanei intervievate] au decedat Rom\u00e2nia \u00een c\u0103ru\u021bele proprii, care le-au fost returnate \u00een vederea efectu\u0103rii c\u0103l\u0103toriei c\u0103tre patrie.\u201d<\/p>\n<p>Arhivele rom\u00e2ne\u0219ti (dac\u0103 sunt disponibile):<\/p>\n<p>\u00cen cadrul recens\u0103m\u00e2ntului din mai 1942, Legiunea de Jandarmi Dolj a identificat \u00een Craiova \u0219i localit\u0103\u021bi \u00eenvecinate un num\u0103r de 1527 de nomazi \u0219i 92 de c\u0103ru\u021be (ANI, fond IRJ, dosar nr. 260, f. 85). Este posibil ca familia lui Ariotsam Stoica s\u0103 fi fost inclus\u0103 pe aceast\u0103 list\u0103 numeric\u0103.<\/p>\n<p>&nbsp;<\/p>\n<p>Not\u0103 istoric\u0103 despre romi:<\/p>\n<p>Ariotsam Stoican sa n\u0103scut \u00een Craiova, municipiul de re\u0219edin\u021b\u0103 al jude\u021bului Dolj \u0219i cel mai important ora\u0219 din regiunea Olteniei, situat la circa 200 de kilometri vest de Bucure\u0219ti. \u00cen anul 1838 ora\u0219ul avea o popula\u021bie de circa 10.000 de locuitori. \u00centre multe minorit\u0103\u021bi (greci, s\u00e2rbi, evrei etc) care locuiau \u00een ora\u0219ul se num\u0103r\u0103 \u0219i romii, men\u021biona\u021bi sporadic \u00een documentele vremii \u00een calitate de slugi sau robi boiere\u0219ti \u0219i me\u0219te\u0219ugari (buc\u0103tari, birjari, fierari etc.) (R\u0103dulescu 2020, 2219). Craiova num\u0103r\u0103 30 018 locuitori \u00een anul 1894 (MDGR 1899, II:739). \u00cen cadrul recens\u0103m\u00e2ntului din 1930 au fost \u00eenregistra\u021bi \u00een Craiova 62 215 de locuitori, \u00eentre care \u0219i 1782 romi sedentari (RGP 1930, II: 166). Al\u0103turi de ace\u0219ti convie\u021buiau \u0219i un num\u0103r de familii de romi nomazi.<\/p>\n<p>&nbsp;<\/p>\n<p>Not\u0103 istoric\u0103 despre deportare:<\/p>\n<p>Persoana intervievat\u0103 a fost evacuat\u0103 \u00een vara anului 1942, \u00een cadrul primului val de deport\u0103ri care \u00eei viza pe romii nomazi. Familia sa a fost deportat\u0103 cu c\u0103ru\u021ba \u0219i caii proprii, sub supravegherea jandarmilor, care i-au escortat din post \u00een post de jandarmi p\u00e2n\u0103 la granit\u0103.<\/p>\n<p>Odat\u0103 ajun\u0219i \u00een Transnistria, caii \u0219i c\u0103ru\u021bele le-au fost confiscate. Familia lui Ariotsam Stoican a fost str\u0103mutat\u0103 \u00een com. Domaniovka (jud. Golta). Au fost caza\u021bi timp de doi ani \u00een bordeie pe care le-au construit ei \u00eensu\u0219i \u0219i sili\u021bi s\u0103 munceasc\u0103 pe un c\u00e2mp din apropierea cules de cartofi. P\u0103rin\u021bii \u0219i copiii mai \u00een v\u00e2rst\u0103 au fost transporta\u021bi \u00een camion \u00een fiecare diminea\u021b\u0103 pentru a culege cartofi. Din cauza condi\u021biilor aspre de trai, bunicul \u0219i bunica persoane intervievate au pierit \u00een Transnistria.<\/p>\n<p>Repatrierea a avut loc probabil \u00een prim\u0103vara-vara anului 1944, \u00een urma trupelor rom\u00e2ne \u0219i germane care se retr\u0103geau din fa\u021ba \u00eenaint\u0103rii Armatei Ro\u0219ii. Caii \u0219i c\u0103ru\u021ba le-au fost \u00eenapoiate pentru a putea s\u0103 c\u0103l\u0103toreasc\u0103 \u00een Rom\u00e2nia.<\/p>\n<p>&nbsp;<\/p>\n<p>O scurt\u0103 not\u0103 despre un aspect al romilor, de exemplu, un grup: Persona intervievat\u0103 face parte din grupul romilor sedentari care faceau caramida.<\/p>\n","protected":false},"author":17,"featured_media":3163,"comment_status":"open","ping_status":"closed","template":"","meta":{"nf_dc_page":"","om_disable_all_campaigns":false,"_monsterinsights_skip_tracking":false},"listing_category":[64],"event_category":[],"service_category":[],"rental_category":[],"classifieds_category":[],"listing_feature":[82,77],"region":[69],"class_list":["post-3169","listing","type-listing","status-publish","has-post-thumbnail","hentry","listing_category-deportations","listing_feature-romanian-perpetrator","listing_feature-sedentary-lifestyle","region-oltenia"],"yoast_head":"<!-- This site is optimized with the Yoast SEO plugin v28.4 - https:\/\/yoast.com\/product\/yoast-seo-wordpress\/ -->\n<title>Deportare rromi Craiova - Yahad-In Unum<\/title>\n<meta name=\"robots\" content=\"index, follow, max-snippet:-1, max-image-preview:large, max-video-preview:-1\" \/>\n<link rel=\"canonical\" href=\"https:\/\/romagenocidemap.org\/ro\/listing\/deportare-rromi-craiova\/\" \/>\n<meta property=\"og:locale\" content=\"ro_RO\" \/>\n<meta property=\"og:type\" content=\"article\" \/>\n<meta property=\"og:title\" content=\"Deportare rromi Craiova - Yahad-In Unum\" \/>\n<meta property=\"og:description\" content=\"Numele satului: Ora\u0219ul Craiova (jude\u021bul Dolj) Regiune, tara: Oltenia (Rom\u00e2nia) Data deport\u0103rii: Iunie- august 1942 Extras din m\u0103rturie: \u201ePersoana intervievat\u0103 a fost deportat\u0103, \u00eempreun\u0103 cu familia, \u00een satul Domaniovka [jud. Golta, Transnistria], unde au r\u0103mas timp de doi ani. Erau supraveghea\u021bi de [gardieni] rom\u00e2ni \u0219i ru\u0219i \u00eentr-un bordei pe care erau l-au s\u0103pat ei \u00eens\u0103\u0219i. [&hellip;]\" \/>\n<meta property=\"og:url\" content=\"https:\/\/romagenocidemap.org\/ro\/listing\/deportare-rromi-craiova\/\" \/>\n<meta property=\"og:site_name\" content=\"Yahad-In Unum\" \/>\n<meta property=\"og:image\" content=\"https:\/\/i0.wp.com\/romagenocidemap.org\/wp-content\/uploads\/2026\/08\/Stoican-1.jpg?fit=1200%2C800&ssl=1\" \/>\n\t<meta property=\"og:image:width\" content=\"1200\" \/>\n\t<meta property=\"og:image:height\" content=\"800\" \/>\n\t<meta property=\"og:image:type\" content=\"image\/jpeg\" \/>\n<meta name=\"twitter:card\" content=\"summary_large_image\" \/>\n<meta name=\"twitter:label1\" content=\"Timp estimat pentru citire\" \/>\n\t<meta name=\"twitter:data1\" content=\"3 minute\" \/>\n<script type=\"application\/ld+json\" class=\"yoast-schema-graph\">{\"@context\":\"https:\\\/\\\/schema.org\",\"@graph\":[{\"@type\":\"WebPage\",\"@id\":\"https:\\\/\\\/romagenocidemap.org\\\/ro\\\/listing\\\/deportare-rromi-craiova\\\/\",\"url\":\"https:\\\/\\\/romagenocidemap.org\\\/ro\\\/listing\\\/deportare-rromi-craiova\\\/\",\"name\":\"Deportare rromi Craiova - Yahad-In Unum\",\"isPartOf\":{\"@id\":\"https:\\\/\\\/romagenocidemap.org\\\/ro\\\/#website\"},\"primaryImageOfPage\":{\"@id\":\"https:\\\/\\\/romagenocidemap.org\\\/ro\\\/listing\\\/deportare-rromi-craiova\\\/#primaryimage\"},\"image\":{\"@id\":\"https:\\\/\\\/romagenocidemap.org\\\/ro\\\/listing\\\/deportare-rromi-craiova\\\/#primaryimage\"},\"thumbnailUrl\":\"https:\\\/\\\/i0.wp.com\\\/romagenocidemap.org\\\/wp-content\\\/uploads\\\/2026\\\/08\\\/Stoican-1.jpg?fit=1200%2C800&ssl=1\",\"datePublished\":\"2026-08-07T09:47:29+00:00\",\"breadcrumb\":{\"@id\":\"https:\\\/\\\/romagenocidemap.org\\\/ro\\\/listing\\\/deportare-rromi-craiova\\\/#breadcrumb\"},\"inLanguage\":\"ro-RO\",\"potentialAction\":[{\"@type\":\"ReadAction\",\"target\":[\"https:\\\/\\\/romagenocidemap.org\\\/ro\\\/listing\\\/deportare-rromi-craiova\\\/\"]}]},{\"@type\":\"ImageObject\",\"inLanguage\":\"ro-RO\",\"@id\":\"https:\\\/\\\/romagenocidemap.org\\\/ro\\\/listing\\\/deportare-rromi-craiova\\\/#primaryimage\",\"url\":\"https:\\\/\\\/i0.wp.com\\\/romagenocidemap.org\\\/wp-content\\\/uploads\\\/2026\\\/08\\\/Stoican-1.jpg?fit=1200%2C800&ssl=1\",\"contentUrl\":\"https:\\\/\\\/i0.wp.com\\\/romagenocidemap.org\\\/wp-content\\\/uploads\\\/2026\\\/08\\\/Stoican-1.jpg?fit=1200%2C800&ssl=1\",\"width\":1200,\"height\":800},{\"@type\":\"BreadcrumbList\",\"@id\":\"https:\\\/\\\/romagenocidemap.org\\\/ro\\\/listing\\\/deportare-rromi-craiova\\\/#breadcrumb\",\"itemListElement\":[{\"@type\":\"ListItem\",\"position\":1,\"name\":\"Home\",\"item\":\"https:\\\/\\\/romagenocidemap.org\\\/ro\\\/\"},{\"@type\":\"ListItem\",\"position\":2,\"name\":\"Listings\",\"item\":\"https:\\\/\\\/romagenocidemap.org\\\/ro\\\/listings\\\/\"},{\"@type\":\"ListItem\",\"position\":3,\"name\":\"Deportare rromi Craiova\"}]},{\"@type\":\"WebSite\",\"@id\":\"https:\\\/\\\/romagenocidemap.org\\\/ro\\\/#website\",\"url\":\"https:\\\/\\\/romagenocidemap.org\\\/ro\\\/\",\"name\":\"Yahad-In Unum\",\"description\":\"Yahad-In Unum\",\"publisher\":{\"@id\":\"https:\\\/\\\/romagenocidemap.org\\\/ro\\\/#organization\"},\"potentialAction\":[{\"@type\":\"SearchAction\",\"target\":{\"@type\":\"EntryPoint\",\"urlTemplate\":\"https:\\\/\\\/romagenocidemap.org\\\/ro\\\/?s={search_term_string}\"},\"query-input\":{\"@type\":\"PropertyValueSpecification\",\"valueRequired\":true,\"valueName\":\"search_term_string\"}}],\"inLanguage\":\"ro-RO\"},{\"@type\":\"Organization\",\"@id\":\"https:\\\/\\\/romagenocidemap.org\\\/ro\\\/#organization\",\"name\":\"Yahad-In Unum\",\"url\":\"https:\\\/\\\/romagenocidemap.org\\\/ro\\\/\",\"logo\":{\"@type\":\"ImageObject\",\"inLanguage\":\"ro-RO\",\"@id\":\"https:\\\/\\\/romagenocidemap.org\\\/ro\\\/#\\\/schema\\\/logo\\\/image\\\/\",\"url\":\"https:\\\/\\\/i0.wp.com\\\/romagenocidemap.org\\\/wp-content\\\/uploads\\\/2025\\\/02\\\/Logo-Yahad-1.png?fit=1501%2C433&ssl=1\",\"contentUrl\":\"https:\\\/\\\/i0.wp.com\\\/romagenocidemap.org\\\/wp-content\\\/uploads\\\/2025\\\/02\\\/Logo-Yahad-1.png?fit=1501%2C433&ssl=1\",\"width\":1501,\"height\":433,\"caption\":\"Yahad-In Unum\"},\"image\":{\"@id\":\"https:\\\/\\\/romagenocidemap.org\\\/ro\\\/#\\\/schema\\\/logo\\\/image\\\/\"}}]}<\/script>\n<!-- \/ Yoast SEO plugin. -->","yoast_head_json":{"title":"Deportare rromi Craiova - Yahad-In Unum","robots":{"index":"index","follow":"follow","max-snippet":"max-snippet:-1","max-image-preview":"max-image-preview:large","max-video-preview":"max-video-preview:-1"},"canonical":"https:\/\/romagenocidemap.org\/ro\/listing\/deportare-rromi-craiova\/","og_locale":"ro_RO","og_type":"article","og_title":"Deportare rromi Craiova - Yahad-In Unum","og_description":"Numele satului: Ora\u0219ul Craiova (jude\u021bul Dolj) Regiune, tara: Oltenia (Rom\u00e2nia) Data deport\u0103rii: Iunie- august 1942 Extras din m\u0103rturie: \u201ePersoana intervievat\u0103 a fost deportat\u0103, \u00eempreun\u0103 cu familia, \u00een satul Domaniovka [jud. Golta, Transnistria], unde au r\u0103mas timp de doi ani. Erau supraveghea\u021bi de [gardieni] rom\u00e2ni \u0219i ru\u0219i \u00eentr-un bordei pe care erau l-au s\u0103pat ei \u00eens\u0103\u0219i. [&hellip;]","og_url":"https:\/\/romagenocidemap.org\/ro\/listing\/deportare-rromi-craiova\/","og_site_name":"Yahad-In Unum","og_image":[{"width":1200,"height":800,"url":"https:\/\/i0.wp.com\/romagenocidemap.org\/wp-content\/uploads\/2026\/08\/Stoican-1.jpg?fit=1200%2C800&ssl=1","type":"image\/jpeg"}],"twitter_card":"summary_large_image","twitter_misc":{"Timp estimat pentru citire":"3 minute"},"schema":{"@context":"https:\/\/schema.org","@graph":[{"@type":"WebPage","@id":"https:\/\/romagenocidemap.org\/ro\/listing\/deportare-rromi-craiova\/","url":"https:\/\/romagenocidemap.org\/ro\/listing\/deportare-rromi-craiova\/","name":"Deportare rromi Craiova - Yahad-In Unum","isPartOf":{"@id":"https:\/\/romagenocidemap.org\/ro\/#website"},"primaryImageOfPage":{"@id":"https:\/\/romagenocidemap.org\/ro\/listing\/deportare-rromi-craiova\/#primaryimage"},"image":{"@id":"https:\/\/romagenocidemap.org\/ro\/listing\/deportare-rromi-craiova\/#primaryimage"},"thumbnailUrl":"https:\/\/i0.wp.com\/romagenocidemap.org\/wp-content\/uploads\/2026\/08\/Stoican-1.jpg?fit=1200%2C800&ssl=1","datePublished":"2026-08-07T09:47:29+00:00","breadcrumb":{"@id":"https:\/\/romagenocidemap.org\/ro\/listing\/deportare-rromi-craiova\/#breadcrumb"},"inLanguage":"ro-RO","potentialAction":[{"@type":"ReadAction","target":["https:\/\/romagenocidemap.org\/ro\/listing\/deportare-rromi-craiova\/"]}]},{"@type":"ImageObject","inLanguage":"ro-RO","@id":"https:\/\/romagenocidemap.org\/ro\/listing\/deportare-rromi-craiova\/#primaryimage","url":"https:\/\/i0.wp.com\/romagenocidemap.org\/wp-content\/uploads\/2026\/08\/Stoican-1.jpg?fit=1200%2C800&ssl=1","contentUrl":"https:\/\/i0.wp.com\/romagenocidemap.org\/wp-content\/uploads\/2026\/08\/Stoican-1.jpg?fit=1200%2C800&ssl=1","width":1200,"height":800},{"@type":"BreadcrumbList","@id":"https:\/\/romagenocidemap.org\/ro\/listing\/deportare-rromi-craiova\/#breadcrumb","itemListElement":[{"@type":"ListItem","position":1,"name":"Home","item":"https:\/\/romagenocidemap.org\/ro\/"},{"@type":"ListItem","position":2,"name":"Listings","item":"https:\/\/romagenocidemap.org\/ro\/listings\/"},{"@type":"ListItem","position":3,"name":"Deportare rromi Craiova"}]},{"@type":"WebSite","@id":"https:\/\/romagenocidemap.org\/ro\/#website","url":"https:\/\/romagenocidemap.org\/ro\/","name":"Yahad-In Unum","description":"Yahad-In Unum","publisher":{"@id":"https:\/\/romagenocidemap.org\/ro\/#organization"},"potentialAction":[{"@type":"SearchAction","target":{"@type":"EntryPoint","urlTemplate":"https:\/\/romagenocidemap.org\/ro\/?s={search_term_string}"},"query-input":{"@type":"PropertyValueSpecification","valueRequired":true,"valueName":"search_term_string"}}],"inLanguage":"ro-RO"},{"@type":"Organization","@id":"https:\/\/romagenocidemap.org\/ro\/#organization","name":"Yahad-In Unum","url":"https:\/\/romagenocidemap.org\/ro\/","logo":{"@type":"ImageObject","inLanguage":"ro-RO","@id":"https:\/\/romagenocidemap.org\/ro\/#\/schema\/logo\/image\/","url":"https:\/\/i0.wp.com\/romagenocidemap.org\/wp-content\/uploads\/2025\/02\/Logo-Yahad-1.png?fit=1501%2C433&ssl=1","contentUrl":"https:\/\/i0.wp.com\/romagenocidemap.org\/wp-content\/uploads\/2025\/02\/Logo-Yahad-1.png?fit=1501%2C433&ssl=1","width":1501,"height":433,"caption":"Yahad-In Unum"},"image":{"@id":"https:\/\/romagenocidemap.org\/ro\/#\/schema\/logo\/image\/"}}]}},"jetpack_sharing_enabled":true,"_links":{"self":[{"href":"https:\/\/romagenocidemap.org\/ro\/wp-json\/wp\/v2\/listing\/3169","targetHints":{"allow":["GET"]}}],"collection":[{"href":"https:\/\/romagenocidemap.org\/ro\/wp-json\/wp\/v2\/listing"}],"about":[{"href":"https:\/\/romagenocidemap.org\/ro\/wp-json\/wp\/v2\/types\/listing"}],"author":[{"embeddable":true,"href":"https:\/\/romagenocidemap.org\/ro\/wp-json\/wp\/v2\/users\/17"}],"replies":[{"embeddable":true,"href":"https:\/\/romagenocidemap.org\/ro\/wp-json\/wp\/v2\/comments?post=3169"}],"version-history":[{"count":1,"href":"https:\/\/romagenocidemap.org\/ro\/wp-json\/wp\/v2\/listing\/3169\/revisions"}],"predecessor-version":[{"id":3170,"href":"https:\/\/romagenocidemap.org\/ro\/wp-json\/wp\/v2\/listing\/3169\/revisions\/3170"}],"wp:featuredmedia":[{"embeddable":true,"href":"https:\/\/romagenocidemap.org\/ro\/wp-json\/wp\/v2\/media\/3163"}],"wp:attachment":[{"href":"https:\/\/romagenocidemap.org\/ro\/wp-json\/wp\/v2\/media?parent=3169"}],"wp:term":[{"taxonomy":"listing_category","embeddable":true,"href":"https:\/\/romagenocidemap.org\/ro\/wp-json\/wp\/v2\/listing_category?post=3169"},{"taxonomy":"event_category","embeddable":true,"href":"https:\/\/romagenocidemap.org\/ro\/wp-json\/wp\/v2\/event_category?post=3169"},{"taxonomy":"service_category","embeddable":true,"href":"https:\/\/romagenocidemap.org\/ro\/wp-json\/wp\/v2\/service_category?post=3169"},{"taxonomy":"rental_category","embeddable":true,"href":"https:\/\/romagenocidemap.org\/ro\/wp-json\/wp\/v2\/rental_category?post=3169"},{"taxonomy":"classifieds_category","embeddable":true,"href":"https:\/\/romagenocidemap.org\/ro\/wp-json\/wp\/v2\/classifieds_category?post=3169"},{"taxonomy":"listing_feature","embeddable":true,"href":"https:\/\/romagenocidemap.org\/ro\/wp-json\/wp\/v2\/listing_feature?post=3169"},{"taxonomy":"region","embeddable":true,"href":"https:\/\/romagenocidemap.org\/ro\/wp-json\/wp\/v2\/region?post=3169"}],"curies":[{"name":"wp","href":"https:\/\/api.w.org\/{rel}","templated":true}]}}